{"id":29291,"date":"2018-07-26T09:00:55","date_gmt":"2018-07-26T09:00:55","guid":{"rendered":"https:\/\/visegradlegal.hu\/nemzetkozi-jelenlet-visegrad-legal\/"},"modified":"2026-04-10T15:00:13","modified_gmt":"2026-04-10T15:00:13","slug":"internationale-praesenz-visegrad-legal","status":"publish","type":"page","link":"https:\/\/visegradlegal.hu\/de\/internationale-praesenz-visegrad-legal\/","title":{"rendered":"INTERNATIONALE PR\u00c4SENZ"},"content":{"rendered":"<p>[et_pb_section fb_built=&#8220;1&#8243; _builder_version=&#8220;4.16&#8243; _module_preset=&#8220;default&#8220; background_color=&#8220;#0f2f41&#8243; global_colors_info=&#8220;{}&#8220;][et_pb_row _builder_version=&#8220;4.16&#8243; _module_preset=&#8220;default&#8220; global_colors_info=&#8220;{}&#8220;][et_pb_column type=&#8220;4_4&#8243; _builder_version=&#8220;4.16&#8243; _module_preset=&#8220;default&#8220; global_colors_info=&#8220;{}&#8220;][et_pb_text _builder_version=&#8220;4.27.6&#8243; text_text_color=&#8220;#FFFFFF&#8220; text_font_size=&#8220;30px&#8220; text_letter_spacing=&#8220;1px&#8220; background_size=&#8220;initial&#8220; background_position=&#8220;top_left&#8220; background_repeat=&#8220;repeat&#8220; text_orientation=&#8220;center&#8220; module_alignment=&#8220;center&#8220; text_font_size_tablet=&#8220;22&#8243; text_font_size_phone=&#8220;&#8220; text_font_size_last_edited=&#8220;on|desktop&#8220; use_border_color=&#8220;off&#8220; border_color=&#8220;#ffffff&#8220; border_style=&#8220;solid&#8220; global_colors_info=&#8220;{}&#8220;]<\/p>\n<p><strong>INTERNATIONALE PR\u00c4SENZ<\/strong><\/p>\n<p>[\/et_pb_text][\/et_pb_column][\/et_pb_row][\/et_pb_section][et_pb_section fb_built=&#8220;1&#8243; _builder_version=&#8220;4.16&#8243; custom_padding=&#8220;0px||20px|&#8220; transparent_background=&#8220;off&#8220; make_fullwidth=&#8220;off&#8220; use_custom_width=&#8220;off&#8220; width_unit=&#8220;on&#8220; global_colors_info=&#8220;{}&#8220;][et_pb_row _builder_version=&#8220;4.16&#8243; background_size=&#8220;initial&#8220; background_position=&#8220;top_left&#8220; background_repeat=&#8220;repeat&#8220; global_colors_info=&#8220;{}&#8220;][et_pb_column type=&#8220;4_4&#8243; _builder_version=&#8220;4.16&#8243; custom_padding=&#8220;|||&#8220; global_colors_info=&#8220;{}&#8220; custom_padding__hover=&#8220;|||&#8220;][et_pb_image src=&#8220;https:\/\/visegradlegal.hu\/wp-content\/uploads\/2018\/07\/Visegrad-Legal.png&#8220; alt=&#8220;Visegrad Legal logo&#8220; title_text=&#8220;Visegrad Legal logo&#8220; align=&#8220;center&#8220; align_tablet=&#8220;center&#8220; align_phone=&#8220;&#8220; align_last_edited=&#8220;on|desktop&#8220; _builder_version=&#8220;4.27.4&#8243; max_width=&#8220;300px&#8220; custom_margin=&#8220;35px||35px|&#8220; use_border_color=&#8220;off&#8220; border_color=&#8220;#ffffff&#8220; border_style=&#8220;solid&#8220; animation=&#8220;fade_in&#8220; sticky=&#8220;off&#8220; always_center_on_mobile=&#8220;on&#8220; global_colors_info=&#8220;{}&#8220;][\/et_pb_image][et_pb_text _builder_version=&#8220;4.27.6&#8243; text_text_color=&#8220;#ea2043&#8243; text_font_size=&#8220;30px&#8220; text_letter_spacing=&#8220;1px&#8220; text_line_height=&#8220;1.4em&#8220; background_size=&#8220;initial&#8220; background_position=&#8220;top_left&#8220; background_repeat=&#8220;repeat&#8220; text_orientation=&#8220;center&#8220; module_alignment=&#8220;center&#8220; hover_enabled=&#8220;0&#8243; text_font_size_tablet=&#8220;22&#8243; text_font_size_phone=&#8220;&#8220; text_font_size_last_edited=&#8220;on|phone&#8220; use_border_color=&#8220;off&#8220; border_color=&#8220;#ffffff&#8220; border_style=&#8220;solid&#8220; global_colors_info=&#8220;{}&#8220; sticky_enabled=&#8220;0&#8243;]<\/p>\n<p><strong><strong data-mce-fragment=\"1\">IHR STARKER PARTNER IM HERZEN EUROPAS<\/strong>\u200b<br \/><\/strong><\/p>\n<p>[\/et_pb_text][\/et_pb_column][\/et_pb_row][et_pb_row column_structure=&#8220;1_2,1_2&#8243; use_custom_gutter=&#8220;on&#8220; gutter_width=&#8220;1&#8243; padding_mobile=&#8220;on&#8220; make_equal=&#8220;on&#8220; admin_label=&#8220;Row&#8220; module_class=&#8220; et_pb_row_fullwidth&#8220; _builder_version=&#8220;4.16&#8243; background_size=&#8220;initial&#8220; background_position=&#8220;top_left&#8220; background_repeat=&#8220;repeat&#8220; width=&#8220;100%&#8220; width_tablet=&#8220;100%&#8220; width_phone=&#8220;&#8220; width_last_edited=&#8220;on|desktop&#8220; max_width=&#8220;100%&#8220; max_width_tablet=&#8220;100%&#8220; max_width_phone=&#8220;&#8220; max_width_last_edited=&#8220;on|desktop&#8220; custom_margin=&#8220;0px||0px|&#8220; custom_padding=&#8220;0px|0px|0px|0px&#8220; make_fullwidth=&#8220;on&#8220; use_custom_width=&#8220;off&#8220; width_unit=&#8220;off&#8220; custom_width_percent=&#8220;100%&#8220; global_colors_info=&#8220;{}&#8220;][et_pb_column type=&#8220;1_2&#8243; _builder_version=&#8220;4.16&#8243; background_color=&#8220;#ea2043&#8243; custom_padding=&#8220;6%|4%|6%|4%|false|false&#8220; global_colors_info=&#8220;{}&#8220; custom_padding__hover=&#8220;|||&#8220;][et_pb_text admin_label=&#8220;Text&#8220; _builder_version=&#8220;4.27.6&#8243; text_font=&#8220;Roboto||||&#8220; text_text_color=&#8220;#ffffff&#8220; text_line_height=&#8220;1.4em&#8220; background_size=&#8220;initial&#8220; background_position=&#8220;top_left&#8220; background_repeat=&#8220;repeat&#8220; text_orientation=&#8220;justified&#8220; max_width=&#8220;800px&#8220; max_width_tablet=&#8220;100%&#8220; max_width_phone=&#8220;&#8220; max_width_last_edited=&#8220;on|desktop&#8220; custom_margin=&#8220;5%|||&#8220; custom_margin_tablet=&#8220;3%|||&#8220; custom_margin_phone=&#8220;&#8220; custom_margin_last_edited=&#8220;on|desktop&#8220; custom_padding=&#8220;2%|||&#8220; text_font_size_tablet=&#8220;&#8220; text_font_size_phone=&#8220;&#8220; text_font_size_last_edited=&#8220;on|desktop&#8220; custom_css_main_element=&#8220;font-weight:400;&#8220; use_border_color=&#8220;off&#8220; global_colors_info=&#8220;{}&#8220;]<\/p>\n<p>Unser Team ist Gr\u00fcndungsmitglied der Visegrad+ Legal Gruppe. Visegrad+ Legal ist ein Kooperationsnetzwerk unabh\u00e4ngiger mittelst\u00e4ndischer Anwaltskanzleien, die in der gesamten Region Mittel- und Osteuropa t\u00e4tig sind. <strong>Wir sind in der Slowakei, Tschechien, Ungarn, Polen, Rum\u00e4nien, Kroatien, Serbien und Bulgarien vertreten.<\/strong><\/p>\n<p>[\/et_pb_text][et_pb_blurb title=&#8220;Web&#8220; url=&#8220;http:\/\/www.visegradlegal.com&#8220; url_new_window=&#8220;on&#8220; image=&#8220;https:\/\/visegradlegal.hu\/wp-content\/uploads\/2018\/09\/web-icon.png&#8220; icon_placement=&#8220;left&#8220; image_icon_width=&#8220;none&#8220; _builder_version=&#8220;4.16&#8243; header_text_color=&#8220;#ffffff&#8220; header_font_size=&#8220;16px&#8220; background_size=&#8220;initial&#8220; background_position=&#8220;top_left&#8220; background_repeat=&#8220;repeat&#8220; custom_margin=&#8220;40px||10px|0px&#8220; custom_padding=&#8220;|||0px&#8220; animation=&#8220;left&#8220; use_border_color=&#8220;off&#8220; border_color=&#8220;#ffffff&#8220; border_style=&#8220;solid&#8220; image_max_width=&#8220;none&#8220; global_colors_info=&#8220;{}&#8220;]<\/p>\n<p><span style=\"color: #ffffff;\"><a style=\"color: #ffffff;\" href=\"http:\/\/www.visegradlegal.com\">www.visegradlegal.com<\/a><\/span><\/p>\n<p>[\/et_pb_blurb][et_pb_blurb title=&#8220;E-mail&#8220; url=&#8220;mailto:office@visegradlegal.com&#8220; image=&#8220;https:\/\/visegradlegal.hu\/wp-content\/uploads\/2018\/09\/e-mail-icon.png&#8220; icon_placement=&#8220;left&#8220; image_icon_width=&#8220;none&#8220; _builder_version=&#8220;4.16&#8243; header_text_color=&#8220;#ffffff&#8220; header_font_size=&#8220;16px&#8220; background_size=&#8220;initial&#8220; background_position=&#8220;top_left&#8220; background_repeat=&#8220;repeat&#8220; custom_margin=&#8220;||10px|0px&#8220; custom_padding=&#8220;|||0px&#8220; animation=&#8220;left&#8220; use_border_color=&#8220;off&#8220; border_color=&#8220;#ffffff&#8220; border_style=&#8220;solid&#8220; image_max_width=&#8220;none&#8220; global_colors_info=&#8220;{}&#8220;]<\/p>\n<p><span style=\"color: #ffffff;\"><a style=\"color: #ffffff;\" href=\"mailto:office@visegradlegal.com\">office@visegradlegal.com<\/a><\/span><\/p>\n<p>[\/et_pb_blurb][et_pb_blurb title=&#8220;LinkedIn&#8220; url=&#8220;https:\/\/www.linkedin.com\/company\/visegrad-legal\/&#8220; url_new_window=&#8220;on&#8220; image=&#8220;https:\/\/visegradlegal.hu\/wp-content\/uploads\/2018\/09\/linkedin-icon.png&#8220; icon_placement=&#8220;left&#8220; image_icon_width=&#8220;none&#8220; _builder_version=&#8220;4.16&#8243; header_text_color=&#8220;#ffffff&#8220; header_font_size=&#8220;16px&#8220; background_size=&#8220;initial&#8220; background_position=&#8220;top_left&#8220; background_repeat=&#8220;repeat&#8220; custom_margin=&#8220;|||0px&#8220; custom_padding=&#8220;||16px|0px&#8220; animation=&#8220;left&#8220; use_border_color=&#8220;off&#8220; border_color=&#8220;#ffffff&#8220; border_style=&#8220;solid&#8220; image_max_width=&#8220;none&#8220; global_colors_info=&#8220;{}&#8220;]<\/p>\n<p><span style=\"color: #ffffff;\"><a style=\"color: #ffffff;\" href=\"https:\/\/www.linkedin.com\/company\/visegrad-legal\/\" target=\"_blank\" rel=\"noopener noreferrer\">https:\/\/www.linkedin.com\/company\/visegrad-legal\/<\/a><\/span><\/p>\n<p>[\/et_pb_blurb][\/et_pb_column][et_pb_column type=&#8220;1_2&#8243; _builder_version=&#8220;4.16&#8243; background_color=&#8220;#0d2f42&#8243; background_image=&#8220;https:\/\/visegradlegal.hu\/wp-content\/uploads\/2018\/07\/Illes-Ugyvedi-Iroda-Visegrad-Legal.jpg&#8220; custom_padding=&#8220;|||&#8220; custom_padding_tablet=&#8220;8%|4%|7%|4%&#8220; custom_padding_phone=&#8220;6%|4%|6%|4%&#8220; custom_padding_last_edited=&#8220;on|desktop&#8220; global_colors_info=&#8220;{}&#8220; custom_padding__hover=&#8220;|||&#8220;][\/et_pb_column][\/et_pb_row][\/et_pb_section][et_pb_section fb_built=&#8220;1&#8243; admin_label=&#8220;section&#8220; _builder_version=&#8220;4.16&#8243; background_color=&#8220;#555555&#8243; background_image=&#8220;https:\/\/visegradlegal.hu\/wp\/wp-content\/uploads\/2016\/07\/013-2.jpg&#8220; custom_padding=&#8220;0px|0px|0px|0px&#8220; custom_padding_tablet=&#8220;0px|0px|0px|0px&#8220; transparent_background=&#8220;off&#8220; padding_mobile=&#8220;on&#8220; make_fullwidth=&#8220;off&#8220; use_custom_width=&#8220;off&#8220; width_unit=&#8220;on&#8220; global_colors_info=&#8220;{}&#8220;][\/et_pb_section][et_pb_section fb_built=&#8220;1&#8243; _builder_version=&#8220;4.16&#8243; global_colors_info=&#8220;{}&#8220;][et_pb_row _builder_version=&#8220;4.16&#8243; background_size=&#8220;initial&#8220; background_position=&#8220;top_left&#8220; background_repeat=&#8220;repeat&#8220; global_colors_info=&#8220;{}&#8220;][et_pb_column type=&#8220;4_4&#8243; _builder_version=&#8220;4.16&#8243; custom_padding=&#8220;|||&#8220; global_colors_info=&#8220;{}&#8220; custom_padding__hover=&#8220;|||&#8220;][et_pb_text _builder_version=&#8220;4.27.6&#8243; text_font=&#8220;|300|||||||&#8220; background_size=&#8220;initial&#8220; background_position=&#8220;top_left&#8220; background_repeat=&#8220;repeat&#8220; text_orientation=&#8220;justified&#8220; use_border_color=&#8220;off&#8220; global_colors_info=&#8220;{}&#8220;]<\/p>\n<p>Wir sind ein junges und dynamisches Team, das internationale Konzerne und lokale Unternehmen in verschiedenen Bereichen der Rechts- und Steuerberatung unterst\u00fctzt.<\/p>\n<p>Wir decken verschiedene Branchen ab, von der Landwirtschaft \u00fcber \u00a0\u00a0den Maschinenbau bis hin zur IT- und Finanzdienstleistungsbranche.<\/p>\n<p>Wir verf\u00fcgen \u00fcber Erfahrung nicht nur in den wichtigsten Bereichen des Wirtschaftsrechts, sondern wir unterst\u00fctzen unsere Mandanten gerne such mit Beratung in allen Rechtsbereichen, einschlie\u00dflich der M\u00f6glichkeit, externe Compliance-Dienstleistungen im Bereich Unternehmens- oder Datenschutz anzubieten.<\/p>\n<p>Unsere Praxis im Bereich Schiedsgerichtsbarkeit und Prozessf\u00fchrung w\u00e4chst kontinuierlich und liefert schnelle und umfassende L\u00f6sungen f\u00fcr verschiedene mittelst\u00e4ndische und gro\u00dfe Unternehmen und Organisationen sowie \u00f6ffentliche Einrichtungen. <\/p>\n<p>Mit Schwerpunkt auf Unternehmens- und Handelsangelegenheiten bieten wir unseren Mandanten ma\u00dfgeschneiderte Produkte, die alle ihre gesch\u00e4ftlichen Anforderungen abdecken und einem hochprofessionellen Kommunikationsstandard entsprechen.<\/p>\n<p><strong>Wir arbeiten in Englisch, Deutsch, Franz\u00f6sisch, Tschechisch, Slowakisch, Ungarisch, Polnisch, Rum\u00e4nisch, Kroatisch, Serbisch und Bulgarisch<\/strong>. Unsere Mission ist es, der Dominanz gro\u00dfer Anwaltskanzleien im internationalen Wirtschaftsrecht entgegenzuwirken, indem wir <strong>hochwertige Dienstleistungen anbieten, ohne dass unsere Mandanten die enormen Gemeinkosten tragen m\u00fcssen<\/strong>.<\/p>\n<p>[\/et_pb_text][\/et_pb_column][\/et_pb_row][et_pb_row column_structure=&#8220;1_4,3_4&#8243; use_custom_gutter=&#8220;on&#8220; gutter_width=&#8220;2&#8243; _builder_version=&#8220;4.27.4&#8243; background_size=&#8220;initial&#8220; background_position=&#8220;top_left&#8220; background_repeat=&#8220;repeat&#8220; global_colors_info=&#8220;{}&#8220;][et_pb_column type=&#8220;1_4&#8243; _builder_version=&#8220;4.16&#8243; custom_padding=&#8220;|||&#8220; global_colors_info=&#8220;{}&#8220; custom_padding__hover=&#8220;|||&#8220;][et_pb_image src=&#8220;https:\/\/visegradlegal.hu\/wp-content\/uploads\/2020\/12\/LogoAEA-IntLawNetw.png&#8220; title_text=&#8220;LogoAEA-IntLawNetw&#8220; _builder_version=&#8220;4.27.4&#8243; _module_preset=&#8220;default&#8220; width=&#8220;85%&#8220; width_tablet=&#8220;35%&#8220; width_phone=&#8220;50%&#8220; width_last_edited=&#8220;on|phone&#8220; global_colors_info=&#8220;{}&#8220; width__hover_enabled=&#8220;off|desktop&#8220;][\/et_pb_image][\/et_pb_column][et_pb_column type=&#8220;3_4&#8243; _builder_version=&#8220;4.16&#8243; custom_padding=&#8220;|||&#8220; global_colors_info=&#8220;{}&#8220; custom_padding__hover=&#8220;|||&#8220;][et_pb_text _builder_version=&#8220;4.27.6&#8243; text_font=&#8220;|300|||||||&#8220; background_size=&#8220;initial&#8220; background_position=&#8220;top_left&#8220; background_repeat=&#8220;repeat&#8220; text_orientation=&#8220;justified&#8220; hover_enabled=&#8220;0&#8243; use_border_color=&#8220;off&#8220; global_colors_info=&#8220;{}&#8220; sticky_enabled=&#8220;0&#8243;]<\/p>\n<p>Dar\u00fcber hinaus ist unser Team stolzes Mitglied der <a href=\"https:\/\/www.aeuropea.com\/\" target=\"_blank\" rel=\"noopener\">Association of European Attorneys<\/a>\u00a0(AEA), dem weltweit gr\u00f6\u00dften Anwaltsnetzwerk gemessen an der Anzahl der vertretenen L\u00e4nder: Es umfasst weltweit 160 L\u00e4nder und 1413 Kanzleien.<\/p>\n<p>Dank des effizienten Kommunikationssystems der AEA k\u00f6nnen wir unseren Mandanten weltweit umfassendere rechtliche Unterst\u00fctzung bieten \u2013 insbesondere bei grenz\u00fcberschreitenden Angelegenheiten. Dies ist vor allem in Bereichen wie der internationalen Forderungseintreibung, grenz\u00fcberschreitenden Transaktionen sowie anderen Rechtsangelegenheiten von Nutzen, in denen das Recht eines anderen Landes anzuwenden ist.<\/p>\n<p>\u00dcber unsere Unterst\u00fctzung im ungarischen Recht hinaus sind wir bestrebt, unseren Mandanten schnelle und praxisorientierte rechtliche L\u00f6sungen anzubieten \u2013 \u00fcberall auf der Welt.<\/p>\n<p>[\/et_pb_text][\/et_pb_column][\/et_pb_row][\/et_pb_section]<\/p>\n","protected":false},"excerpt":{"rendered":"<p>INTERNATIONALE PR\u00c4SENZIHR STARKER PARTNER IM HERZEN EUROPAS\u200bUnser Team ist Gr\u00fcndungsmitglied der Visegrad+ Legal Gruppe. Visegrad+ Legal ist ein Kooperationsnetzwerk unabh\u00e4ngiger mittelst\u00e4ndischer Anwaltskanzleien, die in der gesamten Region Mittel- und Osteuropa t\u00e4tig sind. Wir sind in der Slowakei, Tschechien, Ungarn, Polen, Rum\u00e4nien, Kroatien, Serbien und Bulgarien vertreten.www.visegradlegal.comoffice@visegradlegal.comhttps:\/\/www.linkedin.com\/company\/visegrad-legal\/Wir sind ein junges und dynamisches Team, das internationale Konzerne [&hellip;]<\/p>\n","protected":false},"author":1,"featured_media":0,"parent":0,"menu_order":0,"comment_status":"closed","ping_status":"closed","template":"","meta":{"_et_pb_use_builder":"on","_et_pb_old_content":"","_et_gb_content_width":"","footnotes":""},"class_list":["post-29291","page","type-page","status-publish","hentry"],"yoast_head":"<!-- This site is optimized with the Yoast SEO plugin v27.2 - https:\/\/yoast.com\/product\/yoast-seo-wordpress\/ -->\n<title>Internationale Pr\u00e4senz - Visegrad+ Legal<\/title>\n<meta name=\"description\" content=\"Internationale Pr\u00e4senz Visegrad+ Legal zeigt Standorte und Partnerkanzleien in mehreren europ\u00e4ischen L\u00e4ndern.\" \/>\n<meta name=\"robots\" content=\"index, follow, max-snippet:-1, max-image-preview:large, max-video-preview:-1\" \/>\n<link rel=\"canonical\" href=\"https:\/\/visegradlegal.hu\/de\/internationale-praesenz-visegrad-legal\/\" \/>\n<meta property=\"og:locale\" content=\"de_DE\" \/>\n<meta property=\"og:type\" content=\"article\" \/>\n<meta property=\"og:title\" content=\"Internationale Pr\u00e4senz - Visegrad+ Legal\" \/>\n<meta property=\"og:description\" content=\"Internationale Pr\u00e4senz Visegrad+ Legal zeigt Standorte und Partnerkanzleien in mehreren europ\u00e4ischen L\u00e4ndern.\" \/>\n<meta property=\"og:url\" content=\"https:\/\/visegradlegal.hu\/de\/internationale-praesenz-visegrad-legal\/\" \/>\n<meta property=\"og:site_name\" content=\"Ill\u00e9s &amp; N\u00e9meth \u00dcgyv\u00e9di T\u00e1rsul\u00e1s\" \/>\n<meta property=\"article:modified_time\" content=\"2026-04-10T15:00:13+00:00\" \/>\n<meta property=\"og:image\" content=\"https:\/\/visegradlegal.hu\/wp-content\/uploads\/2021\/01\/Illes-Ugyvedi-Iroda-og.jpg\" \/>\n\t<meta property=\"og:image:width\" content=\"1125\" \/>\n\t<meta property=\"og:image:height\" content=\"633\" \/>\n\t<meta property=\"og:image:type\" content=\"image\/jpeg\" \/>\n<meta name=\"twitter:card\" content=\"summary_large_image\" \/>\n<meta name=\"twitter:label1\" content=\"Gesch\u00e4tzte Lesezeit\" \/>\n\t<meta name=\"twitter:data1\" content=\"3\u00a0Minuten\" \/>\n<script type=\"application\/ld+json\" class=\"yoast-schema-graph\">{\"@context\":\"https:\/\/schema.org\",\"@graph\":[{\"@type\":\"WebPage\",\"@id\":\"https:\/\/visegradlegal.hu\/de\/internationale-praesenz-visegrad-legal\/\",\"url\":\"https:\/\/visegradlegal.hu\/de\/internationale-praesenz-visegrad-legal\/\",\"name\":\"Internationale Pr\u00e4senz - Visegrad+ Legal\",\"isPartOf\":{\"@id\":\"https:\/\/visegradlegal.hu\/#website\"},\"datePublished\":\"2018-07-26T09:00:55+00:00\",\"dateModified\":\"2026-04-10T15:00:13+00:00\",\"description\":\"Internationale Pr\u00e4senz Visegrad+ Legal zeigt Standorte und Partnerkanzleien in mehreren europ\u00e4ischen L\u00e4ndern.\",\"breadcrumb\":{\"@id\":\"https:\/\/visegradlegal.hu\/de\/internationale-praesenz-visegrad-legal\/#breadcrumb\"},\"inLanguage\":\"de\",\"potentialAction\":[{\"@type\":\"ReadAction\",\"target\":[\"https:\/\/visegradlegal.hu\/de\/internationale-praesenz-visegrad-legal\/\"]}]},{\"@type\":\"BreadcrumbList\",\"@id\":\"https:\/\/visegradlegal.hu\/de\/internationale-praesenz-visegrad-legal\/#breadcrumb\",\"itemListElement\":[{\"@type\":\"ListItem\",\"position\":1,\"name\":\"Home\",\"item\":\"https:\/\/visegradlegal.hu\/\"},{\"@type\":\"ListItem\",\"position\":2,\"name\":\"INTERNATIONALE PR\u00c4SENZ\"}]},{\"@type\":\"WebSite\",\"@id\":\"https:\/\/visegradlegal.hu\/#website\",\"url\":\"https:\/\/visegradlegal.hu\/\",\"name\":\"Ill\u00e9s &amp; N\u00e9meth \u00dcgyv\u00e9di T\u00e1rsul\u00e1s\",\"description\":\"\",\"potentialAction\":[{\"@type\":\"SearchAction\",\"target\":{\"@type\":\"EntryPoint\",\"urlTemplate\":\"https:\/\/visegradlegal.hu\/?s={search_term_string}\"},\"query-input\":{\"@type\":\"PropertyValueSpecification\",\"valueRequired\":true,\"valueName\":\"search_term_string\"}}],\"inLanguage\":\"de\"}]}<\/script>\n<!-- \/ Yoast SEO plugin. -->","yoast_head_json":{"title":"Internationale Pr\u00e4senz - Visegrad+ Legal","description":"Internationale Pr\u00e4senz Visegrad+ Legal zeigt Standorte und Partnerkanzleien in mehreren europ\u00e4ischen L\u00e4ndern.","robots":{"index":"index","follow":"follow","max-snippet":"max-snippet:-1","max-image-preview":"max-image-preview:large","max-video-preview":"max-video-preview:-1"},"canonical":"https:\/\/visegradlegal.hu\/de\/internationale-praesenz-visegrad-legal\/","og_locale":"de_DE","og_type":"article","og_title":"Internationale Pr\u00e4senz - Visegrad+ Legal","og_description":"Internationale Pr\u00e4senz Visegrad+ Legal zeigt Standorte und Partnerkanzleien in mehreren europ\u00e4ischen L\u00e4ndern.","og_url":"https:\/\/visegradlegal.hu\/de\/internationale-praesenz-visegrad-legal\/","og_site_name":"Ill\u00e9s &amp; N\u00e9meth \u00dcgyv\u00e9di T\u00e1rsul\u00e1s","article_modified_time":"2026-04-10T15:00:13+00:00","og_image":[{"width":1125,"height":633,"url":"https:\/\/visegradlegal.hu\/wp-content\/uploads\/2021\/01\/Illes-Ugyvedi-Iroda-og.jpg","type":"image\/jpeg"}],"twitter_card":"summary_large_image","twitter_misc":{"Gesch\u00e4tzte Lesezeit":"3\u00a0Minuten"},"schema":{"@context":"https:\/\/schema.org","@graph":[{"@type":"WebPage","@id":"https:\/\/visegradlegal.hu\/de\/internationale-praesenz-visegrad-legal\/","url":"https:\/\/visegradlegal.hu\/de\/internationale-praesenz-visegrad-legal\/","name":"Internationale Pr\u00e4senz - Visegrad+ Legal","isPartOf":{"@id":"https:\/\/visegradlegal.hu\/#website"},"datePublished":"2018-07-26T09:00:55+00:00","dateModified":"2026-04-10T15:00:13+00:00","description":"Internationale Pr\u00e4senz Visegrad+ Legal zeigt Standorte und Partnerkanzleien in mehreren europ\u00e4ischen L\u00e4ndern.","breadcrumb":{"@id":"https:\/\/visegradlegal.hu\/de\/internationale-praesenz-visegrad-legal\/#breadcrumb"},"inLanguage":"de","potentialAction":[{"@type":"ReadAction","target":["https:\/\/visegradlegal.hu\/de\/internationale-praesenz-visegrad-legal\/"]}]},{"@type":"BreadcrumbList","@id":"https:\/\/visegradlegal.hu\/de\/internationale-praesenz-visegrad-legal\/#breadcrumb","itemListElement":[{"@type":"ListItem","position":1,"name":"Home","item":"https:\/\/visegradlegal.hu\/"},{"@type":"ListItem","position":2,"name":"INTERNATIONALE PR\u00c4SENZ"}]},{"@type":"WebSite","@id":"https:\/\/visegradlegal.hu\/#website","url":"https:\/\/visegradlegal.hu\/","name":"Ill\u00e9s &amp; N\u00e9meth \u00dcgyv\u00e9di T\u00e1rsul\u00e1s","description":"","potentialAction":[{"@type":"SearchAction","target":{"@type":"EntryPoint","urlTemplate":"https:\/\/visegradlegal.hu\/?s={search_term_string}"},"query-input":{"@type":"PropertyValueSpecification","valueRequired":true,"valueName":"search_term_string"}}],"inLanguage":"de"}]}},"_links":{"self":[{"href":"https:\/\/visegradlegal.hu\/de\/wp-json\/wp\/v2\/pages\/29291","targetHints":{"allow":["GET"]}}],"collection":[{"href":"https:\/\/visegradlegal.hu\/de\/wp-json\/wp\/v2\/pages"}],"about":[{"href":"https:\/\/visegradlegal.hu\/de\/wp-json\/wp\/v2\/types\/page"}],"author":[{"embeddable":true,"href":"https:\/\/visegradlegal.hu\/de\/wp-json\/wp\/v2\/users\/1"}],"replies":[{"embeddable":true,"href":"https:\/\/visegradlegal.hu\/de\/wp-json\/wp\/v2\/comments?post=29291"}],"version-history":[{"count":6,"href":"https:\/\/visegradlegal.hu\/de\/wp-json\/wp\/v2\/pages\/29291\/revisions"}],"predecessor-version":[{"id":29387,"href":"https:\/\/visegradlegal.hu\/de\/wp-json\/wp\/v2\/pages\/29291\/revisions\/29387"}],"wp:attachment":[{"href":"https:\/\/visegradlegal.hu\/de\/wp-json\/wp\/v2\/media?parent=29291"}],"curies":[{"name":"wp","href":"https:\/\/api.w.org\/{rel}","templated":true}]}}