{"id":29289,"date":"2017-03-27T14:09:33","date_gmt":"2017-03-27T14:09:33","guid":{"rendered":"https:\/\/visegradlegal.hu\/kapcsolat\/"},"modified":"2026-04-20T08:51:02","modified_gmt":"2026-04-20T08:51:02","slug":"kontakt","status":"publish","type":"page","link":"https:\/\/visegradlegal.hu\/de\/kontakt\/","title":{"rendered":"KONTAKT"},"content":{"rendered":"<p>[et_pb_section fb_built=&#8220;1&#8243; _builder_version=&#8220;4.27.4&#8243; _module_preset=&#8220;default&#8220; background_color=&#8220;#ea2043&#8243; global_colors_info=&#8220;{}&#8220;][et_pb_row _builder_version=&#8220;4.16&#8243; _module_preset=&#8220;default&#8220; global_colors_info=&#8220;{}&#8220;][et_pb_column type=&#8220;4_4&#8243; _builder_version=&#8220;4.16&#8243; _module_preset=&#8220;default&#8220; global_colors_info=&#8220;{}&#8220;][et_pb_text _builder_version=&#8220;4.27.6&#8243; text_text_color=&#8220;#FFFFFF&#8220; text_font_size=&#8220;30px&#8220; text_letter_spacing=&#8220;1px&#8220; background_size=&#8220;initial&#8220; background_position=&#8220;top_left&#8220; background_repeat=&#8220;repeat&#8220; text_orientation=&#8220;center&#8220; module_alignment=&#8220;center&#8220; text_font_size_tablet=&#8220;22&#8243; text_font_size_phone=&#8220;&#8220; text_font_size_last_edited=&#8220;on|phone&#8220; use_border_color=&#8220;off&#8220; border_color=&#8220;#ffffff&#8220; border_style=&#8220;solid&#8220; global_colors_info=&#8220;{}&#8220;]<\/p>\n<p><strong>KONTAKT<\/strong><\/p>\n<p>[\/et_pb_text][\/et_pb_column][\/et_pb_row][\/et_pb_section][et_pb_section fb_built=&#8220;1&#8243; admin_label=&#8220;section&#8220; _builder_version=&#8220;4.16&#8243; background_color=&#8220;#555555&#8243; background_image=&#8220;https:\/\/visegradlegal.hu\/wp\/wp-content\/uploads\/2016\/07\/013-2.jpg&#8220; parallax=&#8220;on&#8220; custom_padding=&#8220;0px|0px|0px|0px&#8220; custom_padding_tablet=&#8220;0px|0px|0px|0px&#8220; transparent_background=&#8220;off&#8220; padding_mobile=&#8220;on&#8220; global_colors_info=&#8220;{}&#8220;][et_pb_row column_structure=&#8220;1_2,1_2&#8243; use_custom_gutter=&#8220;on&#8220; gutter_width=&#8220;1&#8243; padding_mobile=&#8220;on&#8220; make_equal=&#8220;on&#8220; admin_label=&#8220;Row&#8220; module_class=&#8220; et_pb_row_fullwidth&#8220; _builder_version=&#8220;4.27.4&#8243; background_color=&#8220;#ea2043&#8243; background_size=&#8220;initial&#8220; background_position=&#8220;top_left&#8220; background_repeat=&#8220;repeat&#8220; width=&#8220;100%&#8220; width_tablet=&#8220;100%&#8220; width_phone=&#8220;&#8220; width_last_edited=&#8220;on|desktop&#8220; max_width=&#8220;100%&#8220; max_width_tablet=&#8220;100%&#8220; max_width_phone=&#8220;&#8220; max_width_last_edited=&#8220;on|desktop&#8220; custom_margin=&#8220;0px||0px|&#8220; custom_padding=&#8220;0px|0px|0px|0px&#8220; make_fullwidth=&#8220;on&#8220; custom_width_percent=&#8220;100%&#8220; global_colors_info=&#8220;{}&#8220;][et_pb_column type=&#8220;1_2&#8243; _builder_version=&#8220;4.16&#8243; background_image=&#8220;https:\/\/visegradlegal.hu\/wp-content\/uploads\/2017\/03\/illes-ugyvedi-iroda-contact2.jpg&#8220; custom_padding=&#8220;|||&#8220; global_colors_info=&#8220;{}&#8220; custom_padding__hover=&#8220;|||&#8220;][\/et_pb_column][et_pb_column type=&#8220;1_2&#8243; _builder_version=&#8220;4.27.4&#8243; background_color=&#8220;#0f2f41&#8243; custom_padding=&#8220;6%|9%|6%|9%|false|false&#8220; custom_padding_tablet=&#8220;8%|4%|7%|4%&#8220; custom_padding_phone=&#8220;6%|4%|6%|4%&#8220; custom_padding_last_edited=&#8220;on|desktop&#8220; global_colors_info=&#8220;{}&#8220; custom_padding__hover=&#8220;|||&#8220;][et_pb_text admin_label=&#8220;Text&#8220; _builder_version=&#8220;4.27.6&#8243; text_font=&#8220;Roboto||||&#8220; text_text_color=&#8220;#ffffff&#8220; text_font_size=&#8220;18&#8243; text_line_height=&#8220;1.4em&#8220; link_text_color=&#8220;#ea2043&#8243; background_size=&#8220;initial&#8220; background_position=&#8220;top_left&#8220; background_repeat=&#8220;repeat&#8220; max_width=&#8220;500px&#8220; max_width_tablet=&#8220;100%&#8220; max_width_phone=&#8220;&#8220; max_width_last_edited=&#8220;on|phone&#8220; custom_margin=&#8220;3%|||&#8220; custom_margin_tablet=&#8220;&#8220; custom_margin_phone=&#8220;&#8220; custom_margin_last_edited=&#8220;on|desktop&#8220; text_font_size_tablet=&#8220;&#8220; text_font_size_phone=&#8220;&#8220; text_font_size_last_edited=&#8220;on|desktop&#8220; custom_css_main_element=&#8220;font-weight:400;&#8220; use_border_color=&#8220;off&#8220; border_color=&#8220;#ffffff&#8220; border_style=&#8220;solid&#8220; global_colors_info=&#8220;{}&#8220;]<\/p>\n<p>Ill\u00e9s &amp; N\u00e9meth Anwaltssoziet\u00e4t<br \/>Visegrad + Legal Hungary<\/p>\n<p>Semmelweis utca 14, H-1052 Budapest, Hungary<br \/>Telefon: <span style=\"color: #0f2f41;\"><a style=\"color: #0f2f41;\" href=\"tel:+3617926744\">+36 1 792 6744;<\/a> <a style=\"color: #0f2f41;\" href=\"tel:+3617872136\">+36 1 787 2136<\/a><\/span><br \/>E-mail: <span style=\"color: #0f2f41;\"><a style=\"color: #0f2f41;\" href=\"mailto:office@visegradlegal.hu\">office@visegradlegal.hu<\/a><\/span><\/p>\n<p>[\/et_pb_text][\/et_pb_column][\/et_pb_row][\/et_pb_section][et_pb_section fb_built=&#8220;1&#8243; disabled_on=&#8220;off|off|off&#8220; admin_label=&#8220;section&#8220; _builder_version=&#8220;4.27.4&#8243; background_color=&#8220;#555555&#8243; background_image=&#8220;https:\/\/visegradlegal.hu\/wp\/wp-content\/uploads\/2016\/07\/013-2.jpg&#8220; parallax=&#8220;on&#8220; custom_padding=&#8220;0px|0px|0px|0px&#8220; custom_padding_tablet=&#8220;0px|0px|0px|0px&#8220; transparent_background=&#8220;off&#8220; padding_mobile=&#8220;on&#8220; global_colors_info=&#8220;{}&#8220;][et_pb_row column_structure=&#8220;1_2,1_2&#8243; use_custom_gutter=&#8220;on&#8220; gutter_width=&#8220;1&#8243; padding_mobile=&#8220;on&#8220; make_equal=&#8220;on&#8220; admin_label=&#8220;Row&#8220; module_class=&#8220; et_pb_row_fullwidth&#8220; _builder_version=&#8220;4.27.4&#8243; background_color=&#8220;#ea2043&#8243; background_size=&#8220;initial&#8220; background_position=&#8220;top_left&#8220; background_repeat=&#8220;repeat&#8220; width=&#8220;100%&#8220; width_tablet=&#8220;100%&#8220; width_phone=&#8220;&#8220; width_last_edited=&#8220;on|desktop&#8220; max_width=&#8220;100%&#8220; max_width_tablet=&#8220;100%&#8220; max_width_phone=&#8220;&#8220; max_width_last_edited=&#8220;on|desktop&#8220; custom_margin=&#8220;0px||0px|&#8220; custom_padding=&#8220;0px|0px|0px|0px&#8220; make_fullwidth=&#8220;on&#8220; custom_width_percent=&#8220;100%&#8220; global_colors_info=&#8220;{}&#8220;][et_pb_column type=&#8220;1_2&#8243; _builder_version=&#8220;4.27.4&#8243; background_color=&#8220;#ea2043&#8243; custom_padding=&#8220;5%|3%|3%|3%|false|true&#8220; custom_padding_tablet=&#8220;8%|4%|7%|4%&#8220; custom_padding_phone=&#8220;6%|4%|6%|4%&#8220; custom_padding_last_edited=&#8220;on|desktop&#8220; global_colors_info=&#8220;{}&#8220; custom_padding__hover=&#8220;|||&#8220;][et_pb_text admin_label=&#8220;Text&#8220; _builder_version=&#8220;4.27.6&#8243; text_font=&#8220;Roboto|||on|&#8220; text_text_color=&#8220;#ffffff&#8220; text_font_size=&#8220;30px&#8220; text_line_height=&#8220;1.4em&#8220; background_size=&#8220;initial&#8220; background_position=&#8220;top_left&#8220; background_repeat=&#8220;repeat&#8220; background_layout=&#8220;dark&#8220; max_width=&#8220;800px&#8220; max_width_tablet=&#8220;100%&#8220; max_width_phone=&#8220;&#8220; max_width_last_edited=&#8220;on|desktop&#8220; custom_margin_tablet=&#8220;15%|10%||&#8220; custom_margin_phone=&#8220;&#8220; custom_margin_last_edited=&#8220;on|desktop&#8220; custom_padding=&#8220;||||false|false&#8220; text_font_size_tablet=&#8220;&#8220; text_font_size_phone=&#8220;&#8220; text_font_size_last_edited=&#8220;on|desktop&#8220; custom_css_main_element=&#8220;font-weight: 500;&#8220; use_border_color=&#8220;off&#8220; border_color=&#8220;#ffffff&#8220; border_style=&#8220;solid&#8220; locked=&#8220;off&#8220; global_colors_info=&#8220;{}&#8220;]<\/p>\n<p>PARKEN<\/p>\n<p>[\/et_pb_text][et_pb_text admin_label=&#8220;Text&#8220; _builder_version=&#8220;4.27.6&#8243; text_font=&#8220;Roboto||||&#8220; text_text_color=&#8220;#ffffff&#8220; text_font_size=&#8220;18&#8243; text_line_height=&#8220;1.4em&#8220; background_size=&#8220;initial&#8220; background_position=&#8220;top_left&#8220; background_repeat=&#8220;repeat&#8220; max_width_tablet=&#8220;100%&#8220; max_width_last_edited=&#8220;off|desktop&#8220; custom_margin=&#8220;3%|||&#8220; custom_margin_tablet=&#8220;&#8220; custom_margin_phone=&#8220;&#8220; custom_margin_last_edited=&#8220;on|desktop&#8220; text_font_size_tablet=&#8220;&#8220; text_font_size_phone=&#8220;&#8220; text_font_size_last_edited=&#8220;on|desktop&#8220; custom_css_main_element=&#8220;font-weight:400;&#8220; use_border_color=&#8220;off&#8220; border_color=&#8220;#ffffff&#8220; border_style=&#8220;solid&#8220; global_colors_info=&#8220;{}&#8220;]<\/p>\n<p>Unser B\u00fcro befindet sich in einer Zone, f\u00fcr die eine Einfahrtsgenehmigung erforderlich ist.<\/p>\n<p>Wir bitten unsere Kunden, dies zu beachten, wenn sie mit dem Auto anreisen.<\/p>\n<p>Die n\u00e4chstgelegene Parkm\u00f6glichkeit befindet sich im Parkhaus am Szervita-Platz, das nur wenige Gehminuten von unserem B\u00fcro entfernt ist.<\/p>\n<p>Ebenfalls in der N\u00e4he befindet sich das Parkhaus Aranyk\u00e9z. Auf der untenstehenden Karte k\u00f6nnen Sie die genaue Route einsehen.<\/p>\n<p>[\/et_pb_text][\/et_pb_column][et_pb_column type=&#8220;1_2&#8243; _builder_version=&#8220;4.27.4&#8243; background_enable_image=&#8220;off&#8220; custom_padding=&#8220;|||&#8220; global_colors_info=&#8220;{}&#8220; custom_padding__hover=&#8220;|||&#8220;][et_pb_map address=&#8220;Budapest, Semmelweis u. 14, 1052 Magyarorsz\u00e1g&#8220; zoom_level=&#8220;16&#8243; address_lat=&#8220;47.4954444&#8243; address_lng=&#8220;19.0568637&#8243; mouse_wheel=&#8220;off&#8220; _builder_version=&#8220;4.27.6&#8243; _module_preset=&#8220;default&#8220; height=&#8220;500px&#8220; hover_enabled=&#8220;0&#8243; global_colors_info=&#8220;{}&#8220; sticky_enabled=&#8220;0&#8243;][et_pb_map_pin title=&#8220;Aranyk\u00e9z Parkol\u00f3h\u00e1z&#8220; pin_address=&#8220;Budapest, Aranyk\u00e9z u. 4, 1052 Magyarorsz\u00e1g&#8220; zoom_level=&#8220;16&#8243; pin_address_lat=&#8220;47.495262&#8243; pin_address_lng=&#8220;19.0505964&#8243; _builder_version=&#8220;4.27.4&#8243; _module_preset=&#8220;default&#8220; global_colors_info=&#8220;{}&#8220;]<\/p>\n<p>Budapest, Aranyk\u00e9z u. 4, 1052<\/p>\n<p>[\/et_pb_map_pin][et_pb_map_pin title=&#8220;Star Park parkol\u00f3&#8220; pin_address=&#8220;Budapest, Szervita t\u00e9r 8, 1052 Magyarorsz\u00e1g&#8220; pin_address_lat=&#8220;47.4957111&#8243; pin_address_lng=&#8220;19.0527871&#8243; _builder_version=&#8220;4.27.4&#8243; _module_preset=&#8220;default&#8220; global_colors_info=&#8220;{}&#8220;]<\/p>\n<p>Budapest, Szervita t\u00e9r 8, 1052<\/p>\n<p>[\/et_pb_map_pin][et_pb_map_pin title=&#8220;B\u00fcro&#8220; pin_address=&#8220;Budapest, Semmelweis u. 14, 1052 Magyarorsz\u00e1g&#8220; pin_address_lat=&#8220;47.4954444&#8243; pin_address_lng=&#8220;19.0568637&#8243; _builder_version=&#8220;4.27.6&#8243; _module_preset=&#8220;default&#8220; global_colors_info=&#8220;{}&#8220; hover_enabled=&#8220;0&#8243; sticky_enabled=&#8220;0&#8243;]<\/p>\n<p>1052 Budapest, Semmelweis utca 14.<\/p>\n<p>[\/et_pb_map_pin][\/et_pb_map][\/et_pb_column][\/et_pb_row][\/et_pb_section]<\/p>\n","protected":false},"excerpt":{"rendered":"<p>KONTAKTIll\u00e9s &amp; N\u00e9meth Anwaltssoziet\u00e4tVisegrad + Legal Hungary Semmelweis utca 14, H-1052 Budapest, HungaryTelefon: +36 1 792 6744; +36 1 787 2136E-mail: office@visegradlegal.huPARKENUnser B\u00fcro befindet sich in einer Zone, f\u00fcr die eine Einfahrtsgenehmigung erforderlich ist. Wir bitten unsere Kunden, dies zu beachten, wenn sie mit dem Auto anreisen. Die n\u00e4chstgelegene Parkm\u00f6glichkeit befindet sich im Parkhaus am [&hellip;]<\/p>\n","protected":false},"author":1,"featured_media":0,"parent":0,"menu_order":0,"comment_status":"closed","ping_status":"closed","template":"","meta":{"_et_pb_use_builder":"on","_et_pb_old_content":"","_et_gb_content_width":"","footnotes":""},"class_list":["post-29289","page","type-page","status-publish","hentry"],"yoast_head":"<!-- This site is optimized with the Yoast SEO plugin v27.2 - https:\/\/yoast.com\/product\/yoast-seo-wordpress\/ -->\n<title>Visegrad+ Legal Kontakt \u2013 Jetzt Verbindung aufnehmen<\/title>\n<meta name=\"description\" content=\"Visegrad+ Legal erm\u00f6glicht schnellen Austausch mit erfahrenen Kanzleien in mehreren L\u00e4ndern. Kontaktieren Sie uns.\" \/>\n<meta name=\"robots\" content=\"index, follow, max-snippet:-1, max-image-preview:large, max-video-preview:-1\" \/>\n<link rel=\"canonical\" href=\"https:\/\/visegradlegal.hu\/de\/kontakt\/\" \/>\n<meta property=\"og:locale\" content=\"de_DE\" \/>\n<meta property=\"og:type\" content=\"article\" \/>\n<meta property=\"og:title\" content=\"Visegrad+ Legal Kontakt \u2013 Jetzt Verbindung aufnehmen\" \/>\n<meta property=\"og:description\" content=\"Visegrad+ Legal erm\u00f6glicht schnellen Austausch mit erfahrenen Kanzleien in mehreren L\u00e4ndern. Kontaktieren Sie uns.\" \/>\n<meta property=\"og:url\" content=\"https:\/\/visegradlegal.hu\/de\/kontakt\/\" \/>\n<meta property=\"og:site_name\" content=\"Ill\u00e9s &amp; N\u00e9meth \u00dcgyv\u00e9di T\u00e1rsul\u00e1s\" \/>\n<meta property=\"article:modified_time\" content=\"2026-04-20T08:51:02+00:00\" \/>\n<meta property=\"og:image\" content=\"https:\/\/visegradlegal.hu\/wp-content\/uploads\/2021\/01\/Illes-Ugyvedi-Iroda-og.jpg\" \/>\n\t<meta property=\"og:image:width\" content=\"1125\" \/>\n\t<meta property=\"og:image:height\" content=\"633\" \/>\n\t<meta property=\"og:image:type\" content=\"image\/jpeg\" \/>\n<meta name=\"twitter:card\" content=\"summary_large_image\" \/>\n<meta name=\"twitter:label1\" content=\"Gesch\u00e4tzte Lesezeit\" \/>\n\t<meta name=\"twitter:data1\" content=\"1\u00a0Minute\" \/>\n<script type=\"application\/ld+json\" class=\"yoast-schema-graph\">{\"@context\":\"https:\/\/schema.org\",\"@graph\":[{\"@type\":\"WebPage\",\"@id\":\"https:\/\/visegradlegal.hu\/de\/kontakt\/\",\"url\":\"https:\/\/visegradlegal.hu\/de\/kontakt\/\",\"name\":\"Visegrad+ Legal Kontakt \u2013 Jetzt Verbindung aufnehmen\",\"isPartOf\":{\"@id\":\"https:\/\/visegradlegal.hu\/#website\"},\"datePublished\":\"2017-03-27T14:09:33+00:00\",\"dateModified\":\"2026-04-20T08:51:02+00:00\",\"description\":\"Visegrad+ Legal erm\u00f6glicht schnellen Austausch mit erfahrenen Kanzleien in mehreren L\u00e4ndern. Kontaktieren Sie uns.\",\"breadcrumb\":{\"@id\":\"https:\/\/visegradlegal.hu\/de\/kontakt\/#breadcrumb\"},\"inLanguage\":\"de\",\"potentialAction\":[{\"@type\":\"ReadAction\",\"target\":[\"https:\/\/visegradlegal.hu\/de\/kontakt\/\"]}]},{\"@type\":\"BreadcrumbList\",\"@id\":\"https:\/\/visegradlegal.hu\/de\/kontakt\/#breadcrumb\",\"itemListElement\":[{\"@type\":\"ListItem\",\"position\":1,\"name\":\"Home\",\"item\":\"https:\/\/visegradlegal.hu\/\"},{\"@type\":\"ListItem\",\"position\":2,\"name\":\"KONTAKT\"}]},{\"@type\":\"WebSite\",\"@id\":\"https:\/\/visegradlegal.hu\/#website\",\"url\":\"https:\/\/visegradlegal.hu\/\",\"name\":\"Ill\u00e9s &amp; N\u00e9meth \u00dcgyv\u00e9di T\u00e1rsul\u00e1s\",\"description\":\"\",\"potentialAction\":[{\"@type\":\"SearchAction\",\"target\":{\"@type\":\"EntryPoint\",\"urlTemplate\":\"https:\/\/visegradlegal.hu\/?s={search_term_string}\"},\"query-input\":{\"@type\":\"PropertyValueSpecification\",\"valueRequired\":true,\"valueName\":\"search_term_string\"}}],\"inLanguage\":\"de\"}]}<\/script>\n<!-- \/ Yoast SEO plugin. -->","yoast_head_json":{"title":"Visegrad+ Legal Kontakt \u2013 Jetzt Verbindung aufnehmen","description":"Visegrad+ Legal erm\u00f6glicht schnellen Austausch mit erfahrenen Kanzleien in mehreren L\u00e4ndern. Kontaktieren Sie uns.","robots":{"index":"index","follow":"follow","max-snippet":"max-snippet:-1","max-image-preview":"max-image-preview:large","max-video-preview":"max-video-preview:-1"},"canonical":"https:\/\/visegradlegal.hu\/de\/kontakt\/","og_locale":"de_DE","og_type":"article","og_title":"Visegrad+ Legal Kontakt \u2013 Jetzt Verbindung aufnehmen","og_description":"Visegrad+ Legal erm\u00f6glicht schnellen Austausch mit erfahrenen Kanzleien in mehreren L\u00e4ndern. Kontaktieren Sie uns.","og_url":"https:\/\/visegradlegal.hu\/de\/kontakt\/","og_site_name":"Ill\u00e9s &amp; N\u00e9meth \u00dcgyv\u00e9di T\u00e1rsul\u00e1s","article_modified_time":"2026-04-20T08:51:02+00:00","og_image":[{"width":1125,"height":633,"url":"https:\/\/visegradlegal.hu\/wp-content\/uploads\/2021\/01\/Illes-Ugyvedi-Iroda-og.jpg","type":"image\/jpeg"}],"twitter_card":"summary_large_image","twitter_misc":{"Gesch\u00e4tzte Lesezeit":"1\u00a0Minute"},"schema":{"@context":"https:\/\/schema.org","@graph":[{"@type":"WebPage","@id":"https:\/\/visegradlegal.hu\/de\/kontakt\/","url":"https:\/\/visegradlegal.hu\/de\/kontakt\/","name":"Visegrad+ Legal Kontakt \u2013 Jetzt Verbindung aufnehmen","isPartOf":{"@id":"https:\/\/visegradlegal.hu\/#website"},"datePublished":"2017-03-27T14:09:33+00:00","dateModified":"2026-04-20T08:51:02+00:00","description":"Visegrad+ Legal erm\u00f6glicht schnellen Austausch mit erfahrenen Kanzleien in mehreren L\u00e4ndern. Kontaktieren Sie uns.","breadcrumb":{"@id":"https:\/\/visegradlegal.hu\/de\/kontakt\/#breadcrumb"},"inLanguage":"de","potentialAction":[{"@type":"ReadAction","target":["https:\/\/visegradlegal.hu\/de\/kontakt\/"]}]},{"@type":"BreadcrumbList","@id":"https:\/\/visegradlegal.hu\/de\/kontakt\/#breadcrumb","itemListElement":[{"@type":"ListItem","position":1,"name":"Home","item":"https:\/\/visegradlegal.hu\/"},{"@type":"ListItem","position":2,"name":"KONTAKT"}]},{"@type":"WebSite","@id":"https:\/\/visegradlegal.hu\/#website","url":"https:\/\/visegradlegal.hu\/","name":"Ill\u00e9s &amp; N\u00e9meth \u00dcgyv\u00e9di T\u00e1rsul\u00e1s","description":"","potentialAction":[{"@type":"SearchAction","target":{"@type":"EntryPoint","urlTemplate":"https:\/\/visegradlegal.hu\/?s={search_term_string}"},"query-input":{"@type":"PropertyValueSpecification","valueRequired":true,"valueName":"search_term_string"}}],"inLanguage":"de"}]}},"_links":{"self":[{"href":"https:\/\/visegradlegal.hu\/de\/wp-json\/wp\/v2\/pages\/29289","targetHints":{"allow":["GET"]}}],"collection":[{"href":"https:\/\/visegradlegal.hu\/de\/wp-json\/wp\/v2\/pages"}],"about":[{"href":"https:\/\/visegradlegal.hu\/de\/wp-json\/wp\/v2\/types\/page"}],"author":[{"embeddable":true,"href":"https:\/\/visegradlegal.hu\/de\/wp-json\/wp\/v2\/users\/1"}],"replies":[{"embeddable":true,"href":"https:\/\/visegradlegal.hu\/de\/wp-json\/wp\/v2\/comments?post=29289"}],"version-history":[{"count":10,"href":"https:\/\/visegradlegal.hu\/de\/wp-json\/wp\/v2\/pages\/29289\/revisions"}],"predecessor-version":[{"id":29402,"href":"https:\/\/visegradlegal.hu\/de\/wp-json\/wp\/v2\/pages\/29289\/revisions\/29402"}],"wp:attachment":[{"href":"https:\/\/visegradlegal.hu\/de\/wp-json\/wp\/v2\/media?parent=29289"}],"curies":[{"name":"wp","href":"https:\/\/api.w.org\/{rel}","templated":true}]}}