{"id":29211,"date":"2026-04-01T15:38:45","date_gmt":"2026-04-01T15:38:45","guid":{"rendered":"https:\/\/visegradlegal.hu\/?page_id=29211"},"modified":"2026-04-21T09:25:27","modified_gmt":"2026-04-21T09:25:27","slug":"die-sozietat","status":"publish","type":"page","link":"https:\/\/visegradlegal.hu\/de\/die-sozietat\/","title":{"rendered":"DIE SOZIETAT"},"content":{"rendered":"<p>[et_pb_section fb_built=&#8220;1&#8243; disabled_on=&#8220;on|on|on&#8220; _builder_version=&#8220;4.16&#8243; custom_padding=&#8220;20px||0px|&#8220; transparent_background=&#8220;off&#8220; make_fullwidth=&#8220;off&#8220; use_custom_width=&#8220;off&#8220; width_unit=&#8220;on&#8220; disabled=&#8220;on&#8220; global_colors_info=&#8220;{}&#8220;][et_pb_row _builder_version=&#8220;4.16&#8243; background_size=&#8220;initial&#8220; background_position=&#8220;top_left&#8220; background_repeat=&#8220;repeat&#8220; global_colors_info=&#8220;{}&#8220;][et_pb_column type=&#8220;4_4&#8243; _builder_version=&#8220;4.16&#8243; custom_padding=&#8220;|||&#8220; global_colors_info=&#8220;{}&#8220; custom_padding__hover=&#8220;|||&#8220;][et_pb_text _builder_version=&#8220;4.16&#8243; text_text_color=&#8220;#ea2043&#8243; text_font_size=&#8220;30px&#8220; text_letter_spacing=&#8220;1px&#8220; background_size=&#8220;initial&#8220; background_position=&#8220;top_left&#8220; background_repeat=&#8220;repeat&#8220; text_orientation=&#8220;center&#8220; module_alignment=&#8220;center&#8220; text_font_size_tablet=&#8220;22&#8243; text_font_size_phone=&#8220;&#8220; text_font_size_last_edited=&#8220;on|desktop&#8220; use_border_color=&#8220;off&#8220; border_color=&#8220;#ffffff&#8220; border_style=&#8220;solid&#8220; global_colors_info=&#8220;{}&#8220;]<strong>AZ \u00dcGYV\u00c9DI T\u00c1RSUL\u00c1S <\/strong><br \/>\n[\/et_pb_text][\/et_pb_column][\/et_pb_row][\/et_pb_section][et_pb_section fb_built=&#8220;1&#8243; _builder_version=&#8220;4.16&#8243; _module_preset=&#8220;default&#8220; background_color=&#8220;#0f2f41&#8243; global_colors_info=&#8220;{}&#8220;][et_pb_row _builder_version=&#8220;4.16&#8243; _module_preset=&#8220;default&#8220; global_colors_info=&#8220;{}&#8220;][et_pb_column type=&#8220;4_4&#8243; _builder_version=&#8220;4.16&#8243; _module_preset=&#8220;default&#8220; global_colors_info=&#8220;{}&#8220;][et_pb_text _builder_version=&#8220;4.27.6&#8243; text_text_color=&#8220;#FFFFFF&#8220; text_font_size=&#8220;30px&#8220; text_letter_spacing=&#8220;1px&#8220; background_size=&#8220;initial&#8220; background_position=&#8220;top_left&#8220; background_repeat=&#8220;repeat&#8220; text_orientation=&#8220;center&#8220; module_alignment=&#8220;center&#8220; text_font_size_tablet=&#8220;22&#8243; text_font_size_phone=&#8220;&#8220; text_font_size_last_edited=&#8220;on|desktop&#8220; use_border_color=&#8220;off&#8220; border_color=&#8220;#ffffff&#8220; border_style=&#8220;solid&#8220; global_colors_info=&#8220;{}&#8220;]<\/p>\n<p><strong>DIE SOZIET\u00c4T<\/strong><\/p>\n<p>[\/et_pb_text][\/et_pb_column][\/et_pb_row][\/et_pb_section][et_pb_section fb_built=&#8220;1&#8243; admin_label=&#8220;section&#8220; _builder_version=&#8220;4.27.2&#8243; background_color=&#8220;#555555&#8243; background_image=&#8220;https:\/\/visegradlegal.hu\/wp\/wp-content\/uploads\/2016\/07\/013-2.jpg&#8220; custom_padding=&#8220;0px|0px|0px|0px&#8220; custom_padding_tablet=&#8220;0px|0px|0px|0px&#8220; transparent_background=&#8220;off&#8220; padding_mobile=&#8220;on&#8220; make_fullwidth=&#8220;off&#8220; use_custom_width=&#8220;off&#8220; width_unit=&#8220;on&#8220; global_colors_info=&#8220;{}&#8220;][et_pb_row column_structure=&#8220;1_2,1_2&#8243; use_custom_gutter=&#8220;on&#8220; gutter_width=&#8220;1&#8243; make_equal=&#8220;on&#8220; custom_padding_last_edited=&#8220;on|phone&#8220; admin_label=&#8220;Row&#8220; module_class=&#8220; et_pb_row_fullwidth&#8220; _builder_version=&#8220;4.27.2&#8243; background_size=&#8220;initial&#8220; background_position=&#8220;top_left&#8220; background_repeat=&#8220;repeat&#8220; width=&#8220;100%&#8220; width_tablet=&#8220;100%&#8220; width_phone=&#8220;&#8220; width_last_edited=&#8220;on|desktop&#8220; max_width=&#8220;100%&#8220; max_width_tablet=&#8220;100%&#8220; max_width_phone=&#8220;&#8220; max_width_last_edited=&#8220;on|desktop&#8220; custom_margin=&#8220;0px||0px|&#8220; custom_padding=&#8220;0px|0px|0px|0px&#8220; custom_padding_tablet=&#8220;0px|0px|0px|0px&#8220; custom_padding_phone=&#8220;0px|0px||0px|false|false&#8220; make_fullwidth=&#8220;on&#8220; use_custom_width=&#8220;off&#8220; width_unit=&#8220;off&#8220; custom_width_percent=&#8220;100%&#8220; global_colors_info=&#8220;{}&#8220;][et_pb_column type=&#8220;1_2&#8243; _builder_version=&#8220;4.16&#8243; background_color=&#8220;#ea2043&#8243; custom_padding=&#8220;6%|4%|6%|4%|false|false&#8220; global_colors_info=&#8220;{}&#8220; custom_padding__hover=&#8220;|||&#8220;][et_pb_text admin_label=&#8220;Text&#8220; _builder_version=&#8220;4.27.6&#8243; text_font=&#8220;Roboto||||||||&#8220; text_text_color=&#8220;#ffffff&#8220; link_font=&#8220;||||on||||&#8220; link_text_color=&#8220;#FFFFFF&#8220; background_size=&#8220;initial&#8220; background_position=&#8220;top_left&#8220; background_repeat=&#8220;repeat&#8220; text_orientation=&#8220;justified&#8220; max_width=&#8220;800px&#8220; max_width_tablet=&#8220;100%&#8220; max_width_phone=&#8220;&#8220; max_width_last_edited=&#8220;on|desktop&#8220; custom_margin=&#8220;||||false|false&#8220; custom_margin_tablet=&#8220;||||false|false&#8220; custom_margin_phone=&#8220;&#8220; custom_margin_last_edited=&#8220;on|phone&#8220; custom_padding=&#8220;50px||50px||true|false&#8220; custom_padding_tablet=&#8220;20px||20px||true|false&#8220; custom_padding_phone=&#8220;20px||20px||true|false&#8220; custom_padding_last_edited=&#8220;on|tablet&#8220; text_font_size_tablet=&#8220;&#8220; text_font_size_phone=&#8220;&#8220; text_font_size_last_edited=&#8220;on|desktop&#8220; custom_css_main_element=&#8220;font-weight:400;&#8220; use_border_color=&#8220;off&#8220; border_color=&#8220;#ffffff&#8220; border_style=&#8220;solid&#8220; global_colors_info=&#8220;{}&#8220;]<\/p>\n<p>Die Anwaltssoziet\u00e4t Ill\u00e9s und N\u00e9meth basiert auf dem Zusammenschluss der Anwaltskanzleien von Dr. \u00c1d\u00e1m Ill\u00e9s und Dr. J\u00f3zsef N\u00e9meth. Wir bieten Unternehmen komplexe Rechtsdienstleistungen, die alle Aspekte ihrer Gesch\u00e4ftst\u00e4tigkeit abdecken. Wir bearbeiten alle Forderungen, Vertr\u00e4ge, Unternehmens- und Arbeitsrechtsangelegenheiten unserer Mandanten, bieten Beratungsdienstleistungen f\u00fcr die Aushandlung von Handelsvereinbarungen an und vertreten Unternehmen vor Gerichten und anderen Beh\u00f6rden. Wir sind Gr\u00fcndungsmitglieder der <a href=\"https:\/\/www.visegradlegal.com\/\" target=\"_blank\" rel=\"noopener\">Visegrad+ Legal-Gruppe<\/a> und Mitglieder des Rechtsnetzwerks <a href=\"https:\/\/www.aeuropea.com\/\" target=\"_blank\" rel=\"noopener\">Association of European Lawyers<\/a> sowie des <a href=\"https:\/\/csmuk.hu\/index.php?q=about_us\" target=\"_blank\" rel=\"noopener\">Tschechisch-Ungarischen Business Clubs<\/a>, <a href=\"http:\/\/rocham.hu\/\" target=\"_blank\" rel=\"noopener\">RoCham<\/a> und des <a href=\"https:\/\/www.belgabiz.hu\/home\" target=\"_blank\" rel=\"noopener\">Belgischen Business Clubs<\/a>, <a href=\"https:\/\/www.plhucc.com\/?lang=en\" target=\"_blank\" rel=\"noopener\">Polnisch-Ungarischen<\/a> und der <a href=\"http:\/\/www.swedishchamber.hu\/\" target=\"_blank\" rel=\"noopener\">Schwedischen Handelskammer<\/a> sowie der <a href=\"https:\/\/bcc-hungary.hu\/\" target=\"_blank\" rel=\"noopener\">Business Contact Community<\/a> (<a href=\"https:\/\/bcc-hungary.hu\/\" target=\"_blank\" rel=\"noopener\">BCC<\/a>).<\/p>\n<p>[\/et_pb_text][\/et_pb_column][et_pb_column type=&#8220;1_2&#8243; _builder_version=&#8220;4.27.2&#8243; background_color=&#8220;#0d2f42&#8243; background_image=&#8220;https:\/\/visegradlegal.hu\/wp-content\/uploads\/2024\/11\/Visegradlegal-csoportkep.jpg&#8220; custom_padding=&#8220;|||&#8220; custom_padding_tablet=&#8220;8%|4%|7%|4%&#8220; custom_padding_phone=&#8220;0%|0%|0%|0%|false|false&#8220; custom_padding_last_edited=&#8220;on|tablet&#8220; background_last_edited=&#8220;on|phone&#8220; background_enable_image_tablet=&#8220;off&#8220; background_position_tablet=&#8220;top_center&#8220; global_colors_info=&#8220;{}&#8220; custom_padding__hover=&#8220;|||&#8220;][et_pb_image src=&#8220;https:\/\/visegradlegal.hu\/wp-content\/uploads\/2024\/11\/Visegradlegal-csoportkep.jpg&#8220; title_text=&#8220;Visegradlegal-csoportkep&#8220; disabled_on=&#8220;off|off|on&#8220; _builder_version=&#8220;4.27.2&#8243; _module_preset=&#8220;default&#8220; global_colors_info=&#8220;{}&#8220;][\/et_pb_image][\/et_pb_column][\/et_pb_row][\/et_pb_section][et_pb_section fb_built=&#8220;1&#8243; _builder_version=&#8220;4.16&#8243; custom_padding=&#8220;20px||0px|&#8220; transparent_background=&#8220;off&#8220; make_fullwidth=&#8220;off&#8220; use_custom_width=&#8220;off&#8220; width_unit=&#8220;on&#8220; global_colors_info=&#8220;{}&#8220;][et_pb_row _builder_version=&#8220;4.16&#8243; background_size=&#8220;initial&#8220; background_position=&#8220;top_left&#8220; background_repeat=&#8220;repeat&#8220; global_colors_info=&#8220;{}&#8220;][et_pb_column type=&#8220;4_4&#8243; _builder_version=&#8220;4.16&#8243; custom_padding=&#8220;|||&#8220; global_colors_info=&#8220;{}&#8220; custom_padding__hover=&#8220;|||&#8220;][et_pb_text _builder_version=&#8220;4.27.6&#8243; text_text_color=&#8220;#0d2f42&#8243; text_font_size=&#8220;30px&#8220; text_letter_spacing=&#8220;1px&#8220; background_size=&#8220;initial&#8220; background_position=&#8220;top_left&#8220; background_repeat=&#8220;repeat&#8220; text_orientation=&#8220;center&#8220; module_alignment=&#8220;center&#8220; text_font_size_tablet=&#8220;22&#8243; text_font_size_phone=&#8220;&#8220; text_font_size_last_edited=&#8220;on|phone&#8220; use_border_color=&#8220;off&#8220; border_color=&#8220;#ffffff&#8220; border_style=&#8220;solid&#8220; global_colors_info=&#8220;{}&#8220;]<strong>UNSER TEAM<\/strong><br \/>\n[\/et_pb_text][\/et_pb_column][\/et_pb_row][\/et_pb_section][et_pb_section fb_built=&#8220;1&#8243; admin_label=&#8220;dr. Ill\u00e9s \u00c1d\u00e1m, LL.M&#8220; _builder_version=&#8220;4.16&#8243; global_colors_info=&#8220;{}&#8220;][et_pb_row column_structure=&#8220;1_3,2_3&#8243; module_id=&#8220;illesadam&#8220; _builder_version=&#8220;4.16&#8243; background_size=&#8220;initial&#8220; background_position=&#8220;top_left&#8220; background_repeat=&#8220;repeat&#8220; global_colors_info=&#8220;{}&#8220;][et_pb_column type=&#8220;1_3&#8243; _builder_version=&#8220;4.16&#8243; custom_padding=&#8220;|||&#8220; global_colors_info=&#8220;{}&#8220; custom_padding__hover=&#8220;|||&#8220;][et_pb_image src=&#8220;https:\/\/visegradlegal.hu\/wp-content\/uploads\/2020\/12\/Illes_Adam_2020.jpg&#8220; title_text=&#8220;Illes_Adam_2020&#8243; align_tablet=&#8220;center&#8220; align_phone=&#8220;&#8220; align_last_edited=&#8220;on|desktop&#8220; _builder_version=&#8220;4.16&#8243; animation_style=&#8220;slide&#8220; animation_direction=&#8220;left&#8220; animation_duration=&#8220;500ms&#8220; animation_intensity_slide=&#8220;10%&#8220; use_border_color=&#8220;off&#8220; border_color=&#8220;#ffffff&#8220; border_style=&#8220;solid&#8220; animation=&#8220;left&#8220; sticky=&#8220;off&#8220; always_center_on_mobile=&#8220;on&#8220; global_colors_info=&#8220;{}&#8220;][\/et_pb_image][et_pb_image src=&#8220;https:\/\/visegradlegal.hu\/wp-content\/uploads\/2017\/03\/linkedin.png&#8220; url=&#8220;https:\/\/www.linkedin.com\/in\/%C3%A1d%C3%A1m-ill%C3%A9s-261ab12b\/&#8220; url_new_window=&#8220;on&#8220; align=&#8220;center&#8220; align_tablet=&#8220;center&#8220; align_phone=&#8220;&#8220; align_last_edited=&#8220;on|desktop&#8220; _builder_version=&#8220;4.16&#8243; animation_style=&#8220;fade&#8220; animation_duration=&#8220;500ms&#8220; use_border_color=&#8220;off&#8220; border_color=&#8220;#ffffff&#8220; border_style=&#8220;solid&#8220; animation=&#8220;fade_in&#8220; sticky=&#8220;off&#8220; always_center_on_mobile=&#8220;on&#8220; global_colors_info=&#8220;{}&#8220;][\/et_pb_image][et_pb_text _builder_version=&#8220;4.24.1&#8243; _module_preset=&#8220;default&#8220; text_orientation=&#8220;center&#8220; global_colors_info=&#8220;{}&#8220;]<a href=\"mailto:illes@visegradlegal.hu\"><strong>illes@visegradlegal.hu<\/strong><\/a><br \/>\n[\/et_pb_text][\/et_pb_column][et_pb_column type=&#8220;2_3&#8243; _builder_version=&#8220;4.16&#8243; custom_padding=&#8220;|||&#8220; global_colors_info=&#8220;{}&#8220; custom_padding__hover=&#8220;|||&#8220;][et_pb_text _builder_version=&#8220;4.27.6&#8243; text_text_color=&#8220;#0d2f42&#8243; text_font_size=&#8220;18px&#8220; background_size=&#8220;initial&#8220; background_position=&#8220;top_left&#8220; background_repeat=&#8220;repeat&#8220; custom_margin=&#8220;||0px||false|false&#8220; custom_padding=&#8220;||0px||false|false&#8220; use_border_color=&#8220;off&#8220; border_color=&#8220;#ffffff&#8220; border_style=&#8220;solid&#8220; global_colors_info=&#8220;{}&#8220;]<strong>\u00c1d\u00e1m Ill\u00e9s, LL.M.<\/strong><br \/>\n[\/et_pb_text][et_pb_text admin_label=&#8220;poz\u00edci\u00f3&#8220; _builder_version=&#8220;4.27.6&#8243; background_size=&#8220;initial&#8220; background_position=&#8220;top_left&#8220; background_repeat=&#8220;repeat&#8220; text_orientation=&#8220;justified&#8220; custom_margin=&#8220;0px||||false|false&#8220; custom_padding=&#8220;0px||||false|false&#8220; hover_enabled=&#8220;0&#8243; use_border_color=&#8220;off&#8220; border_color=&#8220;#ffffff&#8220; border_style=&#8220;solid&#8220; global_colors_info=&#8220;{}&#8220; sticky_enabled=&#8220;0&#8243;]<strong><span style=\"color: #ea2043;\">Partner, Rechtsanwalt (H)<\/span><\/strong>[\/et_pb_text][et_pb_text _builder_version=&#8220;4.27.6&#8243; text_font=&#8220;|300|||||||&#8220; background_size=&#8220;initial&#8220; background_position=&#8220;top_left&#8220; background_repeat=&#8220;repeat&#8220; text_orientation=&#8220;justified&#8220; use_border_color=&#8220;off&#8220; border_color=&#8220;#ffffff&#8220; border_style=&#8220;solid&#8220; global_colors_info=&#8220;{}&#8220;]<strong>\u00c1d\u00e1m Ill\u00e9s, LL.M., <\/strong>schloss 2009 sein Studium an der E\u00f6tv\u00f6s Lor\u00e1nd Wissenschaftsuniversit\u00e4t in Budapest ab, wo er auch als Demonstrator im Medienrecht Vorlesungen hielt. Er erg\u00e4nzte sein Studium mit einem ERASMUS-Stipendium an der Universit\u00e4t Salzburg. Im Jahr 2010 erwarb er einen Master-Abschluss in Rechtswissenschaften an der Universit\u00e4t G\u00f6ttingen mit Schwerpunkt Wettbewerbsrecht und absolvierte ein Praktikum bei der renommierten Anwaltskanzlei Herfurth und Partner in Hannover. Nach seiner Zulassung als Rechtsanwalt im Jahr 2013 trat er einer regionalen Anwaltskanzlei mit Sitz in Prag bei, um beim Aufbau der ungarischen Niederlassung der Kanzlei mitzuwirken. Als Mitverfasserwirkte er an dem ungarischen Kapitel derMergers &amp; Acquisitions International Series 2nd Edition mit, die 2016 bei Sweet &amp; Maxwell erschien. Als f\u00fchrender Berater beriet er beim Erwerb der Anteile eines leitenden ungarischen Vertriebsunternehmens f\u00fcr Einwegkunststoffprodukte in Horeca-Sektor durch eine britische Gruppe, welcher Firmenkauf im Jahr 2016 auf Platz 9 der Liste der ungarischen Transaktionen stand. Im Jahr 2017 wurde er Fachanwalt f\u00fcr Gesellschaftsrecht, er schrieb seine Abschlussarbeit zum Thema Crowdfunding. Er ist Mitglied des Vorstands der Tschechisch-Ungarischen Business Clubs und Vizepr\u00e4sident des Verwaltungsrats der Visegrad+ Legal Group.<\/p>\n<p><span style=\"color: #ea2043;\"><strong>T\u00e4tigkeitsbereiche:<\/strong><\/span> M&amp;A, Gesellschaftsrecht, Wettbewerbsrecht, Handelsrecht, Prozessvertretung<\/p>\n<p><span style=\"color: #ea2043;\"><strong>Sprachen: <\/strong><\/span>Ungarisch, Englisch, Deutsch<strong><br \/>\n<\/strong><br \/>\n[\/et_pb_text][\/et_pb_column][\/et_pb_row][\/et_pb_section][et_pb_section fb_built=&#8220;1&#8243; admin_label=&#8220;dr. N\u00e9meth J\u00f3zsef &#8211; Partner&#8220; _builder_version=&#8220;4.16&#8243; global_colors_info=&#8220;{}&#8220;][et_pb_row column_structure=&#8220;1_3,2_3&#8243; module_id=&#8220;nemethjozsef&#8220; _builder_version=&#8220;4.16&#8243; background_size=&#8220;initial&#8220; background_position=&#8220;top_left&#8220; background_repeat=&#8220;repeat&#8220; global_colors_info=&#8220;{}&#8220;][et_pb_column type=&#8220;1_3&#8243; _builder_version=&#8220;4.16&#8243; custom_padding=&#8220;|||&#8220; global_colors_info=&#8220;{}&#8220; custom_padding__hover=&#8220;|||&#8220;][et_pb_image src=&#8220;https:\/\/visegradlegal.hu\/wp-content\/uploads\/2021\/08\/Nemeth-Jozsef.jpg&#8220; title_text=&#8220;Nemeth Jozsef&#8220; align_tablet=&#8220;center&#8220; align_phone=&#8220;&#8220; align_last_edited=&#8220;on|desktop&#8220; _builder_version=&#8220;4.16&#8243; animation_style=&#8220;slide&#8220; animation_direction=&#8220;left&#8220; animation_duration=&#8220;500ms&#8220; animation_intensity_slide=&#8220;10%&#8220; use_border_color=&#8220;off&#8220; border_color=&#8220;#ffffff&#8220; border_style=&#8220;solid&#8220; animation=&#8220;left&#8220; sticky=&#8220;off&#8220; always_center_on_mobile=&#8220;on&#8220; global_colors_info=&#8220;{}&#8220;][\/et_pb_image][et_pb_image src=&#8220;https:\/\/visegradlegal.hu\/wp-content\/uploads\/2017\/03\/linkedin.png&#8220; url=&#8220;https:\/\/www.linkedin.com\/in\/j%C3%B3zsef-n%C3%A9meth-dr-attorney\/&#8220; url_new_window=&#8220;on&#8220; align=&#8220;center&#8220; align_tablet=&#8220;center&#8220; align_phone=&#8220;&#8220; align_last_edited=&#8220;on|desktop&#8220; _builder_version=&#8220;4.16&#8243; animation_style=&#8220;fade&#8220; animation_duration=&#8220;500ms&#8220; use_border_color=&#8220;off&#8220; border_color=&#8220;#ffffff&#8220; border_style=&#8220;solid&#8220; animation=&#8220;fade_in&#8220; sticky=&#8220;off&#8220; always_center_on_mobile=&#8220;on&#8220; global_colors_info=&#8220;{}&#8220;][\/et_pb_image][et_pb_text _builder_version=&#8220;4.24.1&#8243; _module_preset=&#8220;default&#8220; text_orientation=&#8220;center&#8220; locked=&#8220;off&#8220; global_colors_info=&#8220;{}&#8220;]<strong><a href=\"mailto:nemeth@visegradlegal.hu\">nemeth@visegradlegal.hu<\/a><\/strong><br \/>\n[\/et_pb_text][\/et_pb_column][et_pb_column type=&#8220;2_3&#8243; _builder_version=&#8220;4.16&#8243; custom_padding=&#8220;|||&#8220; global_colors_info=&#8220;{}&#8220; custom_padding__hover=&#8220;|||&#8220;][et_pb_text _builder_version=&#8220;4.27.6&#8243; text_text_color=&#8220;#0d2f42&#8243; text_font_size=&#8220;18&#8243; background_size=&#8220;initial&#8220; background_position=&#8220;top_left&#8220; background_repeat=&#8220;repeat&#8220; custom_margin=&#8220;||0px||false|false&#8220; custom_padding=&#8220;||0px||false|false&#8220; use_border_color=&#8220;off&#8220; border_color=&#8220;#ffffff&#8220; border_style=&#8220;solid&#8220; global_colors_info=&#8220;{}&#8220;]<\/p>\n<p><strong>J\u00f3zsef N\u00e9meth, LL.M.<\/strong><\/p>\n<p>[\/et_pb_text][et_pb_text admin_label=&#8220;poz\u00edci\u00f3&#8220; _builder_version=&#8220;4.27.6&#8243; background_size=&#8220;initial&#8220; background_position=&#8220;top_left&#8220; background_repeat=&#8220;repeat&#8220; text_orientation=&#8220;justified&#8220; custom_margin=&#8220;0px||||false|false&#8220; custom_padding=&#8220;0px||||false|false&#8220; hover_enabled=&#8220;0&#8243; use_border_color=&#8220;off&#8220; border_color=&#8220;#ffffff&#8220; border_style=&#8220;solid&#8220; global_colors_info=&#8220;{}&#8220; sticky_enabled=&#8220;0&#8243;]<strong><span style=\"color: #ea2043;\">Partner, Rechtsanwalt (H)<\/span><\/strong><br \/>\n[\/et_pb_text][et_pb_text _builder_version=&#8220;4.27.6&#8243; text_font=&#8220;|300|||||||&#8220; background_size=&#8220;initial&#8220; background_position=&#8220;top_left&#8220; background_repeat=&#8220;repeat&#8220; text_orientation=&#8220;justified&#8220; use_border_color=&#8220;off&#8220; border_color=&#8220;#ffffff&#8220; border_style=&#8220;solid&#8220; global_colors_info=&#8220;{}&#8220;]Er schloss sein Studium 2008 an der E\u00f6tv\u00f6s Lor\u00e1nd Wissenschaftsuniversit\u00e4t ab, nachdem er das akademische Jahr 2005\/2006 als ERASMUS-Stipendiat an der juristischen Fakult\u00e4t der Universit\u00e4t Wien verbracht hatte, wo er \u00f6sterreichisches und europ\u00e4isches Recht studierte. 2011\/2012 nahm er an einem Masterstudiengang in Rechtswissenschaften an der Universit\u00e4t G\u00f6ttingen teil und absolvierte gleichzeitig ein Praktikum bei PricewaterhouseCoopers Legal in Hannover. Er war sechs Jahre lang bei der ungarischen PwC Legal (Rechtsanwaltskanzlei R\u00e9ti, Antall &amp; Partners) t\u00e4tig, wo er wesentliche Fachkenntnisse in den Bereichen M&amp;A-Transaktionen, Prozessvertretung, Pharmaindustrie, Regulierungsfragen und Datenschutz erwarb. Im Jahr 2015 wechselte er zu KNP Law, einer ungarischen Anwaltskanzlei, die sich auf Arzneimittelrecht und Prozessvertretung spezialisiert hat. Im Jahr 2016 wechselte er zu KPMG Legal, wo sein Schwerpunkt auf Datenschutz, Einhaltung der DSGVO-Vorschriften und Rechtsstreitigkeiten lag. Seit Mitte 2018 arbeitet er ausschlie\u00dflich in seiner einen Kanzlei und kooperiert gleichzeitig mit den Mitglieder der Soziet\u00e4t. Seit dem akademischen Jahr 2017\/18 unterrichtet er als Gastdozent an der Budapest Business School, Fakult\u00e4t f\u00fcr Handel, Gastgewerbe und Tourismus, die Durchsetzung zivilrechtlicher Anspr\u00fcche f\u00fcr Wirtschaftsstudenten.<\/p>\n<p>Er studiert im Postgraduiertenprogramm f\u00fcr Immobilienrecht an der P\u00e1zm\u00e1ny P\u00e9ter Catholic University, Fakult\u00e4t f\u00fcr Rechtswissenschaften, De\u00e1k Ferenc Institute.<\/p>\n<p><span style=\"color: #ea2043;\"><strong>T\u00e4tigkeitsbereiche: <\/strong><\/span>Datenschutz, Pharmarecht, Immobilienrecht, M&amp;A, Wettbewerbsrecht, Handelsrecht, Prozessf\u00fchrung, Einwanderungsrecht, Investitionen<\/p>\n<p><span style=\"color: #ea2043;\"><strong>Sprachen: <\/strong><\/span>Englisch, Deutsch<strong><br \/>\n<\/strong><br \/>\n[\/et_pb_text][\/et_pb_column][\/et_pb_row][\/et_pb_section][et_pb_section fb_built=&#8220;1&#8243; admin_label=&#8220;dr. B\u00e9k\u00e9s S\u00e1ndor&#8220; _builder_version=&#8220;4.16&#8243; global_colors_info=&#8220;{}&#8220;][et_pb_row column_structure=&#8220;1_3,2_3&#8243; module_id=&#8220;bekessandor&#8220; _builder_version=&#8220;4.16&#8243; background_size=&#8220;initial&#8220; background_position=&#8220;top_left&#8220; background_repeat=&#8220;repeat&#8220; global_colors_info=&#8220;{}&#8220;][et_pb_column type=&#8220;1_3&#8243; _builder_version=&#8220;4.16&#8243; custom_padding=&#8220;|||&#8220; global_colors_info=&#8220;{}&#8220; custom_padding__hover=&#8220;|||&#8220;][et_pb_image src=&#8220;https:\/\/visegradlegal.hu\/wp-content\/uploads\/2020\/12\/Bekes_Sandor_2020.jpg&#8220; title_text=&#8220;Bekes_Sandor_2020&#8243; align_tablet=&#8220;center&#8220; align_phone=&#8220;&#8220; align_last_edited=&#8220;on|desktop&#8220; _builder_version=&#8220;4.16&#8243; animation_style=&#8220;slide&#8220; animation_direction=&#8220;left&#8220; animation_duration=&#8220;500ms&#8220; animation_intensity_slide=&#8220;10%&#8220; use_border_color=&#8220;off&#8220; border_color=&#8220;#ffffff&#8220; border_style=&#8220;solid&#8220; animation=&#8220;left&#8220; sticky=&#8220;off&#8220; always_center_on_mobile=&#8220;on&#8220; global_colors_info=&#8220;{}&#8220;][\/et_pb_image][\/et_pb_column][et_pb_column type=&#8220;2_3&#8243; _builder_version=&#8220;4.16&#8243; custom_padding=&#8220;|||&#8220; global_colors_info=&#8220;{}&#8220; custom_padding__hover=&#8220;|||&#8220;][et_pb_text _builder_version=&#8220;4.27.6&#8243; text_text_color=&#8220;#0d2f42&#8243; text_font_size=&#8220;18&#8243; background_size=&#8220;initial&#8220; background_position=&#8220;top_left&#8220; background_repeat=&#8220;repeat&#8220; custom_margin=&#8220;||0px||false|false&#8220; custom_padding=&#8220;||0px||false|false&#8220; use_border_color=&#8220;off&#8220; border_color=&#8220;#ffffff&#8220; border_style=&#8220;solid&#8220; global_colors_info=&#8220;{}&#8220;]<strong>S\u00e1ndor B\u00e9k\u00e9s<\/strong><br \/>\n[\/et_pb_text][et_pb_text admin_label=&#8220;poz\u00edci\u00f3&#8220; _builder_version=&#8220;4.27.6&#8243; background_size=&#8220;initial&#8220; background_position=&#8220;top_left&#8220; background_repeat=&#8220;repeat&#8220; text_orientation=&#8220;justified&#8220; custom_margin=&#8220;0px||||false|false&#8220; custom_padding=&#8220;0px||||false|false&#8220; use_border_color=&#8220;off&#8220; border_color=&#8220;#ffffff&#8220; border_style=&#8220;solid&#8220; global_colors_info=&#8220;{}&#8220;]<strong><span style=\"color: #ea2043;\">Rechtsanwalt (H)<\/span><\/strong><br \/>\n[\/et_pb_text][et_pb_text _builder_version=&#8220;4.27.6&#8243; text_font=&#8220;|300|||||||&#8220; background_size=&#8220;initial&#8220; background_position=&#8220;top_left&#8220; background_repeat=&#8220;repeat&#8220; text_orientation=&#8220;justified&#8220; use_border_color=&#8220;off&#8220; border_color=&#8220;#ffffff&#8220; border_style=&#8220;solid&#8220; global_colors_info=&#8220;{}&#8220;]Er schloss sein Studium im Jahr 2012 an der P\u00e1zm\u00e1ny P\u00e9ter Katholischen Universit\u00e4t ab. Seine Abschlussarbeit schrieb er \u00fcber Rechtsbehelfe im Zivilprozessrecht. Im Jahr 2010 arbeitete er als Praktikant in einer Anwaltskanzlei in Budapest und \u00fcbernahm dort die \u00fcblichen Aufgaben eines Rechtsanwalts. Ab 2013 war er bei einer regionalen Beh\u00f6rde f\u00fcr Umweltschutz t\u00e4tig und besch\u00e4ftigte sich mit allen Bereichen des Umweltrechts. Ab 2014 war er als Rechtsvertreter des ungarischen Verteidigungsministeriums t\u00e4tig und vertrat das Ministerium, das Medizinische Zentrum und alle Korps der ungarischen Streitkr\u00e4fte in gerichtlichen und au\u00dfergerichtlichen Verfahren. Seit 2017 ist er in unserer Kanzlei t\u00e4tig, wo er vor allem Rechtsberatung in den Bereichen Gesellschaftsrecht, Arbeitsrecht und Zivilrecht f\u00fcr Unternehmen in ausl\u00e4ndischem Besitz leistet. Neben anderen F\u00e4llen war er an Verfahren im Zusammenhang mit dem Ausbau einer der gr\u00f6\u00dften chinesischen Fluggesellschaften und einer tschechischen Sportartikelkette in Ungarn beteiligt.<\/p>\n<p><span style=\"color: #ea2043;\"><strong>T\u00e4tigkeitsbereiche: <\/strong><\/span>Arbeitsrecht, Prozessvertretung, Umweltrecht, Verwaltungsrecht, Einwanderungsrecht<\/p>\n<p><span style=\"color: #ea2043;\"><strong>Sprachen: <\/strong><\/span>Englisch<strong><br \/>\n<\/strong><br \/>\n[\/et_pb_text][\/et_pb_column][\/et_pb_row][\/et_pb_section][et_pb_section fb_built=&#8220;1&#8243; admin_label=&#8220;dr. Csord\u00e1s Levente,&#8220; _builder_version=&#8220;4.16&#8243; global_colors_info=&#8220;{}&#8220;][et_pb_row column_structure=&#8220;1_3,2_3&#8243; module_id=&#8220;csordaslevente&#8220; _builder_version=&#8220;4.16&#8243; background_size=&#8220;initial&#8220; background_position=&#8220;top_left&#8220; background_repeat=&#8220;repeat&#8220; collapsed=&#8220;off&#8220; global_colors_info=&#8220;{}&#8220;][et_pb_column type=&#8220;1_3&#8243; _builder_version=&#8220;4.16&#8243; custom_padding=&#8220;|||&#8220; global_colors_info=&#8220;{}&#8220; custom_padding__hover=&#8220;|||&#8220;][et_pb_image src=&#8220;https:\/\/visegradlegal.hu\/wp-content\/uploads\/2021\/08\/Csordas-Levente.jpg&#8220; title_text=&#8220;Csordas Levente&#8220; align_tablet=&#8220;center&#8220; align_phone=&#8220;&#8220; align_last_edited=&#8220;on|desktop&#8220; _builder_version=&#8220;4.16&#8243; animation_style=&#8220;slide&#8220; animation_direction=&#8220;left&#8220; animation_duration=&#8220;500ms&#8220; animation_intensity_slide=&#8220;10%&#8220; use_border_color=&#8220;off&#8220; border_color=&#8220;#ffffff&#8220; border_style=&#8220;solid&#8220; animation=&#8220;left&#8220; sticky=&#8220;off&#8220; always_center_on_mobile=&#8220;on&#8220; global_colors_info=&#8220;{}&#8220;][\/et_pb_image][et_pb_image src=&#8220;https:\/\/visegradlegal.hu\/wp-content\/uploads\/2017\/03\/linkedin.png&#8220; url=&#8220;https:\/\/www.linkedin.com\/in\/dr-csord%C3%A1s-levente\/&#8220; url_new_window=&#8220;on&#8220; align=&#8220;center&#8220; align_tablet=&#8220;center&#8220; align_phone=&#8220;&#8220; align_last_edited=&#8220;on|desktop&#8220; _builder_version=&#8220;4.16&#8243; animation_style=&#8220;fade&#8220; animation_duration=&#8220;500ms&#8220; use_border_color=&#8220;off&#8220; border_color=&#8220;#ffffff&#8220; border_style=&#8220;solid&#8220; animation=&#8220;fade_in&#8220; sticky=&#8220;off&#8220; always_center_on_mobile=&#8220;on&#8220; global_colors_info=&#8220;{}&#8220;][\/et_pb_image][\/et_pb_column][et_pb_column type=&#8220;2_3&#8243; _builder_version=&#8220;4.16&#8243; custom_padding=&#8220;|||&#8220; global_colors_info=&#8220;{}&#8220; custom_padding__hover=&#8220;|||&#8220;][et_pb_text _builder_version=&#8220;4.27.6&#8243; text_text_color=&#8220;#0d2f42&#8243; text_font_size=&#8220;18&#8243; background_size=&#8220;initial&#8220; background_position=&#8220;top_left&#8220; background_repeat=&#8220;repeat&#8220; custom_margin=&#8220;||0px||false|false&#8220; custom_padding=&#8220;||0px||false|false&#8220; use_border_color=&#8220;off&#8220; border_color=&#8220;#ffffff&#8220; border_style=&#8220;solid&#8220; global_colors_info=&#8220;{}&#8220;]<strong>Levente Csord\u00e1s, LL.M.<\/strong><br \/>\n[\/et_pb_text][et_pb_text admin_label=&#8220;poz\u00edci\u00f3&#8220; _builder_version=&#8220;4.27.6&#8243; background_size=&#8220;initial&#8220; background_position=&#8220;top_left&#8220; background_repeat=&#8220;repeat&#8220; text_orientation=&#8220;justified&#8220; custom_margin=&#8220;0px||||false|false&#8220; custom_padding=&#8220;0px||||false|false&#8220; use_border_color=&#8220;off&#8220; border_color=&#8220;#ffffff&#8220; border_style=&#8220;solid&#8220; global_colors_info=&#8220;{}&#8220;]<strong><span style=\"color: #ea2043;\">Rechtsanwalt (H)<\/span><\/strong><br \/>\n[\/et_pb_text][et_pb_text _builder_version=&#8220;4.27.6&#8243; text_font=&#8220;|300|||||||&#8220; background_size=&#8220;initial&#8220; background_position=&#8220;top_left&#8220; background_repeat=&#8220;repeat&#8220; text_orientation=&#8220;justified&#8220; use_border_color=&#8220;off&#8220; border_color=&#8220;#ffffff&#8220; border_style=&#8220;solid&#8220; global_colors_info=&#8220;{}&#8220;]Er schloss sein Studium im Jahr 2014 an der Rechtswissenschaftlichen Fakult\u00e4t der Universit\u00e4t Miskolc ab. Er verfasste seine Abschlussarbeit zum Thema Agrarrecht, f\u00fcr die er in einem landesweiten Wettbewerb den zweiten Platz belegte. W\u00e4hrend und nach seinem Studium war er Gesch\u00e4ftsf\u00fchrer einer Pfandhauskette, wo er f\u00fcr die Einhaltung der Vorschriften verantwortlich war und das Unternehmen in verschiedenen Rechtsstreitigkeiten rechtlich vertrat. In dieser Position eignete er sich nicht nur die Denkweise eines Anwalts, sondern auch die eines Gesch\u00e4ftsmannes an, was mit einzigartiger Herangehensweise zur L\u00f6sung von Aufgaben oder Problemen einherging.<\/p>\n<p>Im Jahr 2017 wurde er auch Fachanwalt f\u00fcr Verkehrsrecht, dadurch verf\u00fcgt er \u00fcber \u00fcberdurchschnittliche Kenntnisse sowohl im Verkehrsrecht als auch in verwandten Themen des Finanz- und Handelsrechts.<\/p>\n<p>Er hat 2020 das Anwaltsexamen bestanden und 2021 einen Fachkurs f\u00fcr Compliance-Anwalt abgeschlossen. Seit 2021 ist er Teil unseres Teams und unterst\u00fctzt uns bei Rechtsstreitigkeiten, der Fragen der Gerichtspraxis und normativen Grundlagen sowie der Ausarbeitung von Richtlinien und Vertr\u00e4gen.<\/p>\n<p><span style=\"color: #ea2043;\"><strong>T\u00e4tigkeitsbereiche: <\/strong><\/span>Verwaltungsrecht, Gesellschaftsrecht, Vertragsrecht, Handelsrecht, Prozessvertretung, Compliance<\/p>\n<p><span style=\"color: #ea2043;\"><strong>Sprachen: <\/strong><\/span>Englisch<strong><br \/>\n<\/strong><br \/>\n[\/et_pb_text][\/et_pb_column][\/et_pb_row][\/et_pb_section][et_pb_section fb_built=&#8220;1&#8243; admin_label=&#8220;dr. Csord\u00e1s Levente,&#8220; _builder_version=&#8220;4.16&#8243; global_colors_info=&#8220;{}&#8220;][et_pb_row column_structure=&#8220;1_3,2_3&#8243; module_id=&#8220;pazmanyannamaria&#8220; _builder_version=&#8220;4.27.4&#8243; background_size=&#8220;initial&#8220; background_position=&#8220;top_left&#8220; background_repeat=&#8220;repeat&#8220; collapsed=&#8220;off&#8220; global_colors_info=&#8220;{}&#8220;][et_pb_column type=&#8220;1_3&#8243; _builder_version=&#8220;4.16&#8243; custom_padding=&#8220;|||&#8220; global_colors_info=&#8220;{}&#8220; custom_padding__hover=&#8220;|||&#8220;][et_pb_image src=&#8220;https:\/\/visegradlegal.hu\/wp-content\/uploads\/2025\/10\/Pazmany-Annamaria-ugyved.jpg&#8220; title_text=&#8220;P\u00e1zm\u00e1ny Annam\u00e1ria&#8220; align_tablet=&#8220;center&#8220; align_phone=&#8220;&#8220; align_last_edited=&#8220;on|desktop&#8220; _builder_version=&#8220;4.27.4&#8243; animation_style=&#8220;slide&#8220; animation_direction=&#8220;left&#8220; animation_duration=&#8220;500ms&#8220; animation_intensity_slide=&#8220;10%&#8220; use_border_color=&#8220;off&#8220; border_color=&#8220;#ffffff&#8220; border_style=&#8220;solid&#8220; animation=&#8220;left&#8220; sticky=&#8220;off&#8220; always_center_on_mobile=&#8220;on&#8220; global_colors_info=&#8220;{}&#8220;][\/et_pb_image][et_pb_image src=&#8220;https:\/\/visegradlegal.hu\/wp-content\/uploads\/2017\/03\/linkedin.png&#8220; url=&#8220;https:\/\/www.linkedin.com\/in\/annam%C3%A1ria-dr-p%C3%A1zm%C3%A1ny-7716a626a\/&#8220; url_new_window=&#8220;on&#8220; align=&#8220;center&#8220; align_tablet=&#8220;center&#8220; align_phone=&#8220;&#8220; align_last_edited=&#8220;on|desktop&#8220; _builder_version=&#8220;4.27.4&#8243; animation_style=&#8220;fade&#8220; animation_duration=&#8220;500ms&#8220; use_border_color=&#8220;off&#8220; border_color=&#8220;#ffffff&#8220; border_style=&#8220;solid&#8220; animation=&#8220;fade_in&#8220; sticky=&#8220;off&#8220; always_center_on_mobile=&#8220;on&#8220; global_colors_info=&#8220;{}&#8220;][\/et_pb_image][\/et_pb_column][et_pb_column type=&#8220;2_3&#8243; _builder_version=&#8220;4.16&#8243; custom_padding=&#8220;|||&#8220; global_colors_info=&#8220;{}&#8220; custom_padding__hover=&#8220;|||&#8220;][et_pb_text _builder_version=&#8220;4.27.6&#8243; text_text_color=&#8220;#0d2f42&#8243; text_font_size=&#8220;18&#8243; background_size=&#8220;initial&#8220; background_position=&#8220;top_left&#8220; background_repeat=&#8220;repeat&#8220; custom_margin=&#8220;||0px||false|false&#8220; custom_padding=&#8220;||0px||false|false&#8220; use_border_color=&#8220;off&#8220; border_color=&#8220;#ffffff&#8220; border_style=&#8220;solid&#8220; global_colors_info=&#8220;{}&#8220;]<strong>Annam\u00e1ria P\u00e1zm\u00e1ny<\/strong><br \/>\n[\/et_pb_text][et_pb_text admin_label=&#8220;poz\u00edci\u00f3&#8220; _builder_version=&#8220;4.27.6&#8243; background_size=&#8220;initial&#8220; background_position=&#8220;top_left&#8220; background_repeat=&#8220;repeat&#8220; text_orientation=&#8220;justified&#8220; custom_margin=&#8220;0px||||false|false&#8220; custom_padding=&#8220;0px||||false|false&#8220; use_border_color=&#8220;off&#8220; border_color=&#8220;#ffffff&#8220; border_style=&#8220;solid&#8220; global_colors_info=&#8220;{}&#8220;]<strong><span style=\"color: #ea2043;\">Rechtsanw\u00e4ltin (H)<\/span><\/strong><br \/>\n[\/et_pb_text][et_pb_text _builder_version=&#8220;4.27.6&#8243; text_font=&#8220;|300|||||||&#8220; background_size=&#8220;initial&#8220; background_position=&#8220;top_left&#8220; background_repeat=&#8220;repeat&#8220; text_orientation=&#8220;justified&#8220; use_border_color=&#8220;off&#8220; border_color=&#8220;#ffffff&#8220; border_style=&#8220;solid&#8220; global_colors_info=&#8220;{}&#8220;]Annam\u00e1ria schloss 2005 ihr Jurastudium an der E\u00f6tv\u00f6s Lor\u00e1nd Universit\u00e4t ab. Sie erwarb ihre Sprachkenntnisse in einer Spezialgymnasium f\u00fcr Deutsch und vertiefte diese w\u00e4hrend ihres Eineinhalbj\u00e4hrigen Aufenthalts in Deutschland. Nach ihrem Abschluss sammelte sie umfangreiche Erfahrungen im Zivilrecht bei gro\u00dfen und mittelst\u00e4ndischen ungarischen Anwaltskanzleien, die internationale, vor allem \u00f6sterreichische und deutsche Mandanten betreuten. Ihre Arbeit konzentrierte sich haupts\u00e4chlich auf handels-, gesellschafts- und arbeitsrechtliche Angelegenheiten sowie auf die Bearbeitung von F\u00e4llen im weiteren Zivil- und Verwaltungsrecht. Sie hat Erfahrung in der Ausarbeitung von Rechtsgutachten, der Verhandlung, Ausarbeitung\/Bearbeitung\/\u00c4nderung und Ausf\u00fchrung von Vertr\u00e4gen, der Durchsetzung von Rechten\/Anspr\u00fcchen\/Verpflichtungen aus Vertr\u00e4gen, der Vorbereitung von amtlichen\/prozessualen Schrifts\u00e4tzen und der rechtlichen\/gerichtlichen Vertretung.<\/p>\n<p><span style=\"color: #ea2043;\"><strong>T\u00e4tigkeitsbereiche: <\/strong><\/span>Lebensmittelrecht, Zivilrecht, Arbeitsrecht, Immobilienrecht, Wettbewerbsrecht, Datenschutzrecht, Zollrecht, Verwaltungsrecht, Markenrecht<\/p>\n<p><span style=\"color: #ea2043;\"><strong>Sprachen: <\/strong><\/span>Deutsch, Englisch<strong><br \/>\n<\/strong><br \/>\n[\/et_pb_text][\/et_pb_column][\/et_pb_row][\/et_pb_section][et_pb_section fb_built=&#8220;1&#8243; admin_label=&#8220;dr. Till Veronika&#8220; _builder_version=&#8220;4.16&#8243; global_colors_info=&#8220;{}&#8220;][et_pb_row column_structure=&#8220;1_3,2_3&#8243; module_id=&#8220;tillveronika&#8220; _builder_version=&#8220;4.16&#8243; background_size=&#8220;initial&#8220; background_position=&#8220;top_left&#8220; background_repeat=&#8220;repeat&#8220; global_colors_info=&#8220;{}&#8220;][et_pb_column type=&#8220;1_3&#8243; _builder_version=&#8220;4.16&#8243; custom_padding=&#8220;|||&#8220; global_colors_info=&#8220;{}&#8220; custom_padding__hover=&#8220;|||&#8220;][et_pb_image src=&#8220;https:\/\/visegradlegal.hu\/wp-content\/uploads\/2020\/12\/Till_Veronika_2020.jpg&#8220; title_text=&#8220;Till_Veronika_2020&#8243; align_tablet=&#8220;center&#8220; align_phone=&#8220;&#8220; align_last_edited=&#8220;on|desktop&#8220; _builder_version=&#8220;4.16&#8243; animation_style=&#8220;slide&#8220; animation_direction=&#8220;left&#8220; animation_duration=&#8220;500ms&#8220; animation_intensity_slide=&#8220;10%&#8220; use_border_color=&#8220;off&#8220; border_color=&#8220;#ffffff&#8220; border_style=&#8220;solid&#8220; animation=&#8220;left&#8220; sticky=&#8220;off&#8220; always_center_on_mobile=&#8220;on&#8220; global_colors_info=&#8220;{}&#8220;][\/et_pb_image][\/et_pb_column][et_pb_column type=&#8220;2_3&#8243; _builder_version=&#8220;4.16&#8243; custom_padding=&#8220;|||&#8220; global_colors_info=&#8220;{}&#8220; custom_padding__hover=&#8220;|||&#8220;][et_pb_text _builder_version=&#8220;4.27.6&#8243; text_text_color=&#8220;#0d2f42&#8243; text_font_size=&#8220;18&#8243; background_size=&#8220;initial&#8220; background_position=&#8220;top_left&#8220; background_repeat=&#8220;repeat&#8220; custom_margin=&#8220;||0px||false|false&#8220; custom_padding=&#8220;||0px||false|false&#8220; use_border_color=&#8220;off&#8220; border_color=&#8220;#ffffff&#8220; border_style=&#8220;solid&#8220; global_colors_info=&#8220;{}&#8220;]<strong>dr. Veronika Till<\/strong><br \/>\n[\/et_pb_text][et_pb_text admin_label=&#8220;poz\u00edci\u00f3&#8220; _builder_version=&#8220;4.27.6&#8243; background_size=&#8220;initial&#8220; background_position=&#8220;top_left&#8220; background_repeat=&#8220;repeat&#8220; text_orientation=&#8220;justified&#8220; custom_margin=&#8220;0px||||false|false&#8220; custom_padding=&#8220;0px||||false|false&#8220; use_border_color=&#8220;off&#8220; border_color=&#8220;#ffffff&#8220; border_style=&#8220;solid&#8220; global_colors_info=&#8220;{}&#8220;]<strong><span style=\"color: #ea2043;\">Of Counsel, Rechtsanw\u00e4ltin<\/span><\/strong><br \/>\n[\/et_pb_text][et_pb_text _builder_version=&#8220;4.27.6&#8243; text_font=&#8220;|300|||||||&#8220; background_size=&#8220;initial&#8220; background_position=&#8220;top_left&#8220; background_repeat=&#8220;repeat&#8220; text_orientation=&#8220;justified&#8220; use_border_color=&#8220;off&#8220; border_color=&#8220;#ffffff&#8220; border_style=&#8220;solid&#8220; global_colors_info=&#8220;{}&#8220;]Im Oktober 2014 wurde sie in die Anwaltskammer von Budapest aufgenommen, als sie als zusammenarbeitende Rechtsanw\u00e4ltin einer tschechischen Kanzlei mit Sitz in Prag \u00a0beitrat. Dort sammelte sie umfangreiche Erfahrungen in den Bereichen M&amp;A, Arbeitsrecht, Prozessf\u00fchrung, Immobilienrecht und grenz\u00fcberschreitende Transaktionen. Im Jahr 2016 wurde sie zur kanzleileitenden Rechtsanw\u00e4ltin bef\u00f6rdert. Nach ihrer R\u00fcckkehr aus dem Mutterschaftsurlaub im Jahr 2020 gr\u00fcndete sie ihre eigene Kanzlei und begann die Zusammenarbeit mit unserer Kanzlei. Veronika unterst\u00fctzt unser Team mit ihrem ausgezeichneten Fachwissen bei komplexen, anspruchsvollen Projekten.<\/p>\n<p><span style=\"color: #ea2043;\"><strong>T\u00e4tigkeitsbereiche: <\/strong><\/span>Immobilienrecht, Gesellschaftsrecht, Handelsrecht, Arbeitsrecht, Prozessvertretung<\/p>\n<p><span style=\"color: #ea2043;\"><strong>Sprachen: <\/strong><\/span>Englisch, Franz\u00f6sisch<strong><br \/>\n<\/strong><br \/>\n[\/et_pb_text][\/et_pb_column][\/et_pb_row][\/et_pb_section][et_pb_section fb_built=&#8220;1&#8243; admin_label=&#8220;dr. Koll\u00e1r \u00c1d\u00e1m&#8220; _builder_version=&#8220;4.27.4&#8243; global_colors_info=&#8220;{}&#8220;][et_pb_row column_structure=&#8220;1_3,2_3&#8243; module_id=&#8220;baloghlevente&#8220; _builder_version=&#8220;4.17.4&#8243; background_size=&#8220;initial&#8220; background_position=&#8220;top_left&#8220; background_repeat=&#8220;repeat&#8220; global_colors_info=&#8220;{}&#8220;][et_pb_column type=&#8220;1_3&#8243; _builder_version=&#8220;4.16&#8243; custom_padding=&#8220;|||&#8220; global_colors_info=&#8220;{}&#8220; custom_padding__hover=&#8220;|||&#8220;][et_pb_image src=&#8220;https:\/\/visegradlegal.hu\/wp-content\/uploads\/2022\/08\/Balogh-Levente.jpg&#8220; title_text=&#8220;Balogh Levente&#8220; align_tablet=&#8220;center&#8220; align_phone=&#8220;&#8220; align_last_edited=&#8220;on|desktop&#8220; _builder_version=&#8220;4.17.4&#8243; animation_style=&#8220;slide&#8220; animation_direction=&#8220;left&#8220; animation_duration=&#8220;500ms&#8220; animation_intensity_slide=&#8220;10%&#8220; use_border_color=&#8220;off&#8220; border_color=&#8220;#ffffff&#8220; border_style=&#8220;solid&#8220; animation=&#8220;left&#8220; sticky=&#8220;off&#8220; always_center_on_mobile=&#8220;on&#8220; global_colors_info=&#8220;{}&#8220;][\/et_pb_image][et_pb_image src=&#8220;https:\/\/visegradlegal.hu\/wp-content\/uploads\/2017\/03\/linkedin.png&#8220; url=&#8220;https:\/\/www.linkedin.com\/in\/drbaloghlevente\/&#8220; url_new_window=&#8220;on&#8220; align=&#8220;center&#8220; align_tablet=&#8220;center&#8220; align_phone=&#8220;&#8220; align_last_edited=&#8220;on|desktop&#8220; _builder_version=&#8220;4.17.4&#8243; animation_style=&#8220;fade&#8220; animation_duration=&#8220;500ms&#8220; use_border_color=&#8220;off&#8220; border_color=&#8220;#ffffff&#8220; border_style=&#8220;solid&#8220; animation=&#8220;fade_in&#8220; sticky=&#8220;off&#8220; always_center_on_mobile=&#8220;on&#8220; global_colors_info=&#8220;{}&#8220;][\/et_pb_image][\/et_pb_column][et_pb_column type=&#8220;2_3&#8243; _builder_version=&#8220;4.16&#8243; custom_padding=&#8220;|||&#8220; global_colors_info=&#8220;{}&#8220; custom_padding__hover=&#8220;|||&#8220;][et_pb_text _builder_version=&#8220;4.27.6&#8243; text_text_color=&#8220;#0d2f42&#8243; text_font_size=&#8220;18&#8243; background_size=&#8220;initial&#8220; background_position=&#8220;top_left&#8220; background_repeat=&#8220;repeat&#8220; custom_margin=&#8220;||0px||false|false&#8220; custom_padding=&#8220;||0px||false|false&#8220; use_border_color=&#8220;off&#8220; border_color=&#8220;#ffffff&#8220; border_style=&#8220;solid&#8220; global_colors_info=&#8220;{}&#8220;]<\/p>\n<p><strong>Levente Balogh, LL.M<\/strong><\/p>\n<p>[\/et_pb_text][et_pb_text admin_label=&#8220;poz\u00edci\u00f3&#8220; _builder_version=&#8220;4.27.6&#8243; background_size=&#8220;initial&#8220; background_position=&#8220;top_left&#8220; background_repeat=&#8220;repeat&#8220; text_orientation=&#8220;justified&#8220; custom_margin=&#8220;0px||||false|false&#8220; custom_padding=&#8220;0px||||false|false&#8220; use_border_color=&#8220;off&#8220; border_color=&#8220;#ffffff&#8220; border_style=&#8220;solid&#8220; global_colors_info=&#8220;{}&#8220;]<strong><span style=\"color: #ea2043;\">Senior Rechtsreferendar <\/span><\/strong><br \/>\n[\/et_pb_text][et_pb_text _builder_version=&#8220;4.27.6&#8243; text_font=&#8220;|300|||||||&#8220; background_size=&#8220;initial&#8220; background_position=&#8220;top_left&#8220; background_repeat=&#8220;repeat&#8220; text_orientation=&#8220;justified&#8220; use_border_color=&#8220;off&#8220; border_color=&#8220;#ffffff&#8220; border_style=&#8220;solid&#8220; global_colors_info=&#8220;{}&#8220;]Er schloss sein Studium an der E\u00f6tv\u00f6s Lor\u00e1nd Universit\u00e4t ab, wo er als wissenschaftlicher Mitarbeiter am Institut f\u00fcr Agrar- und Genossenschaftsrecht t\u00e4tig war. Nach seinem Studium arbeitete er im Telekommunikationssektor, wo er nach einigen Jahren zum Gesch\u00e4ftsf\u00fchrer und Leiter der Rechtsabteilung eines Dienstleisters aufstieg. In der Zwischenzeit qualifizierte er sich als IT-Anwalt und schrieb seine Abschlussarbeit \u00fcber Internet- und Telefonvertr\u00e4ge. Anschlie\u00dfend trat er in eine dynamisch wachsende Anwaltskanzlei ein, wo er unter anderem f\u00fcr die Bereiche klinische Forschungsvereinbarungen, Urheberrecht, Datenschutz und Arbeitsrecht zust\u00e4ndig war. Neben seiner T\u00e4tigkeit in der Anwaltskanzlei war er einige Jahre lang Mitglied des Verwaltungsrats einer genossenschaftlichen Sparkasse. Seit mehreren Jahren ber\u00e4t er zu ungarischen und internationalen Vertr\u00e4gen der Filmindustrie und zu Urheberrechtsfragen. Nach Abschluss seines Studiums im Urheberrecht an der Harvard Law School und der WIPO Academy studiert er derzeit f\u00fcr einen LL.M. in den Bereichen Immobilienrecht und Arbeitsrecht. Er ist seit 2022 Teil unseres Teams und konzentriert sich haupts\u00e4chlich auf Vertragsrecht, Immobilienrecht, Gesellschaftsrecht und Urheberrecht.<\/p>\n<p><span style=\"color: #ea2043;\"><strong>T\u00e4tigkeitsbereiche: <\/strong><\/span>Vertragsrecht, Arbeitsrecht, Datenschutzrecht, Immobilienrecht, Prozessf\u00fchrung<\/p>\n<p><span style=\"color: #ea2043;\"><strong>Sprachen: <\/strong><\/span>Englisch<strong><br \/>\n<\/strong><br \/>\n[\/et_pb_text][\/et_pb_column][\/et_pb_row][\/et_pb_section][et_pb_section fb_built=&#8220;1&#8243; admin_label=&#8220;Soos Mercedesz&#8220; _builder_version=&#8220;4.16&#8243; global_colors_info=&#8220;{}&#8220;][et_pb_row column_structure=&#8220;1_3,2_3&#8243; module_id=&#8220;soosmercedesz&#8220; _builder_version=&#8220;4.16&#8243; background_size=&#8220;initial&#8220; background_position=&#8220;top_left&#8220; background_repeat=&#8220;repeat&#8220; global_colors_info=&#8220;{}&#8220;][et_pb_column type=&#8220;1_3&#8243; _builder_version=&#8220;4.16&#8243; custom_padding=&#8220;|||&#8220; global_colors_info=&#8220;{}&#8220; custom_padding__hover=&#8220;|||&#8220;][et_pb_image src=&#8220;https:\/\/visegradlegal.hu\/wp-content\/uploads\/2021\/08\/Soos-Mercedesz.jpg&#8220; title_text=&#8220;Soos Mercedesz&#8220; align_tablet=&#8220;center&#8220; align_phone=&#8220;&#8220; align_last_edited=&#8220;on|desktop&#8220; _builder_version=&#8220;4.16&#8243; animation_style=&#8220;slide&#8220; animation_direction=&#8220;left&#8220; animation_duration=&#8220;500ms&#8220; animation_intensity_slide=&#8220;10%&#8220; use_border_color=&#8220;off&#8220; border_color=&#8220;#ffffff&#8220; border_style=&#8220;solid&#8220; animation=&#8220;left&#8220; sticky=&#8220;off&#8220; always_center_on_mobile=&#8220;on&#8220; global_colors_info=&#8220;{}&#8220;][\/et_pb_image][\/et_pb_column][et_pb_column type=&#8220;2_3&#8243; _builder_version=&#8220;4.16&#8243; custom_padding=&#8220;|||&#8220; global_colors_info=&#8220;{}&#8220; custom_padding__hover=&#8220;|||&#8220;][et_pb_text _builder_version=&#8220;4.27.6&#8243; text_text_color=&#8220;#0d2f42&#8243; text_font_size=&#8220;18&#8243; background_size=&#8220;initial&#8220; background_position=&#8220;top_left&#8220; background_repeat=&#8220;repeat&#8220; custom_margin=&#8220;||0px||false|false&#8220; custom_padding=&#8220;||0px||false|false&#8220; use_border_color=&#8220;off&#8220; border_color=&#8220;#ffffff&#8220; border_style=&#8220;solid&#8220; global_colors_info=&#8220;{}&#8220;]<strong>dr. Merc\u00e9desz So\u00f3s<\/strong><br \/>\n[\/et_pb_text][et_pb_text admin_label=&#8220;poz\u00edci\u00f3&#8220; _builder_version=&#8220;4.27.6&#8243; background_size=&#8220;initial&#8220; background_position=&#8220;top_left&#8220; background_repeat=&#8220;repeat&#8220; text_orientation=&#8220;justified&#8220; custom_margin=&#8220;0px||||false|false&#8220; custom_padding=&#8220;0px||||false|false&#8220; use_border_color=&#8220;off&#8220; border_color=&#8220;#ffffff&#8220; border_style=&#8220;solid&#8220; global_colors_info=&#8220;{}&#8220;]<strong><span style=\"color: #ea2043;\">Junior-Rechtsreferendarin <\/span><\/strong><br \/>\n[\/et_pb_text][et_pb_text _builder_version=&#8220;4.27.6&#8243; text_font=&#8220;|300|||||||&#8220; background_size=&#8220;initial&#8220; background_position=&#8220;top_left&#8220; background_repeat=&#8220;repeat&#8220; text_orientation=&#8220;justified&#8220; use_border_color=&#8220;off&#8220; border_color=&#8220;#ffffff&#8220; border_style=&#8220;solid&#8220; global_colors_info=&#8220;{}&#8220;]Sie erwarb 2025 seinen Juraabschluss an der P\u00e1zm\u00e1ny P\u00e9ter Katholischen Universit\u00e4t, wo sie zuvor 2010 auch ihr Studium der Kommunikationswissenschaften und Geschichte abgeschlossen hatte. Seit 2021 arbeitet sie bei uns: Zun\u00e4chst als Assistentin, dann als Praktikantin und derzeit als Rechtsreferendarin verst\u00e4rkt sie unser Team. Im Laufe ihrer Karriere hat sie Erfahrungen in verschiedenen Bereichen gesammelt: Sie arbeitete vier Jahre lang als Gymnasiallehrerin und war anschlie\u00dfend als Handels- und Vertriebsassistentin bei einem Start-up-Unternehmen t\u00e4tig. Danach stellte sie ihre organisatorischen F\u00e4higkeiten als leitende Rezeptionistin und Fallmanager im privaten Gesundheitswesen unter Beweis. Ihre positive Einstellung, ihre Gewissenhaftigkeit und ihr Streben nach st\u00e4ndiger Weiterentwicklung sind f\u00fcr die t\u00e4gliche juristische Arbeit von unsch\u00e4tzbarem Wert. Sie unterst\u00fctzt unsere Kanzlei vor allem bei Unternehmensverfahren und der Vorbereitung von Vertr\u00e4gen im Zusammenhang mit Immobiliengesch\u00e4ften.<\/p>\n<p><strong><span style=\"color: #ea2043;\">Sprachen:<\/span> <\/strong>Englisch<br \/>\n[\/et_pb_text][\/et_pb_column][\/et_pb_row][\/et_pb_section][et_pb_section fb_built=&#8220;1&#8243; admin_label=&#8220;Soos Mercedesz&#8220; _builder_version=&#8220;4.27.4&#8243; global_colors_info=&#8220;{}&#8220;][et_pb_row column_structure=&#8220;1_3,2_3&#8243; module_id=&#8220;tothfruzsina&#8220; _builder_version=&#8220;4.27.4&#8243; background_size=&#8220;initial&#8220; background_position=&#8220;top_left&#8220; background_repeat=&#8220;repeat&#8220; global_colors_info=&#8220;{}&#8220;][et_pb_column type=&#8220;1_3&#8243; _builder_version=&#8220;4.16&#8243; custom_padding=&#8220;|||&#8220; global_colors_info=&#8220;{}&#8220; custom_padding__hover=&#8220;|||&#8220;][et_pb_image src=&#8220;https:\/\/visegradlegal.hu\/wp-content\/uploads\/2025\/10\/Toth-Fruzsina.jpg&#8220; title_text=&#8220;T\u00f3th Fruzsina&#8220; align_tablet=&#8220;center&#8220; align_phone=&#8220;&#8220; align_last_edited=&#8220;on|desktop&#8220; _builder_version=&#8220;4.27.4&#8243; animation_style=&#8220;slide&#8220; animation_direction=&#8220;left&#8220; animation_duration=&#8220;500ms&#8220; animation_intensity_slide=&#8220;10%&#8220; use_border_color=&#8220;off&#8220; border_color=&#8220;#ffffff&#8220; border_style=&#8220;solid&#8220; animation=&#8220;left&#8220; sticky=&#8220;off&#8220; always_center_on_mobile=&#8220;on&#8220; global_colors_info=&#8220;{}&#8220;][\/et_pb_image][\/et_pb_column][et_pb_column type=&#8220;2_3&#8243; _builder_version=&#8220;4.16&#8243; custom_padding=&#8220;|||&#8220; global_colors_info=&#8220;{}&#8220; custom_padding__hover=&#8220;|||&#8220;][et_pb_text _builder_version=&#8220;4.27.6&#8243; text_text_color=&#8220;#0d2f42&#8243; text_font_size=&#8220;18&#8243; background_size=&#8220;initial&#8220; background_position=&#8220;top_left&#8220; background_repeat=&#8220;repeat&#8220; custom_margin=&#8220;||0px||false|false&#8220; custom_padding=&#8220;||0px||false|false&#8220; use_border_color=&#8220;off&#8220; border_color=&#8220;#ffffff&#8220; border_style=&#8220;solid&#8220; global_colors_info=&#8220;{}&#8220;]<strong>Fruzsina T\u00f3th<\/strong><br \/>\n[\/et_pb_text][et_pb_text admin_label=&#8220;poz\u00edci\u00f3&#8220; _builder_version=&#8220;4.27.6&#8243; background_size=&#8220;initial&#8220; background_position=&#8220;top_left&#8220; background_repeat=&#8220;repeat&#8220; text_orientation=&#8220;justified&#8220; custom_margin=&#8220;0px||||false|false&#8220; custom_padding=&#8220;0px||||false|false&#8220; use_border_color=&#8220;off&#8220; border_color=&#8220;#ffffff&#8220; border_style=&#8220;solid&#8220; global_colors_info=&#8220;{}&#8220;]<strong><span style=\"color: #ea2043;\">Praktikantin <\/span><\/strong><br \/>\n[\/et_pb_text][et_pb_text _builder_version=&#8220;4.27.6&#8243; text_font=&#8220;|300|||||||&#8220; background_size=&#8220;initial&#8220; background_position=&#8220;top_left&#8220; background_repeat=&#8220;repeat&#8220; text_orientation=&#8220;justified&#8220; use_border_color=&#8220;off&#8220; border_color=&#8220;#ffffff&#8220; border_style=&#8220;solid&#8220; global_colors_info=&#8220;{}&#8220;]Aktuell studiert sie noch Rechtswissenschaften an der P\u00e1zm\u00e1ny P\u00e9ter Katholischen Universit\u00e4t. Im Rahmen ihres Studiums verfasste sie eine wissenschaftliche studentische Arbeit zum Thema r\u00f6misches Recht, die von der Fakult\u00e4t mit einem Sonderpreis ausgezeichnet und auf der Nationalen Wissenschaftlichen Studentischen Konferenz vorgestellt wurde. Im Jahr 2024 legte sie die englische PROFEX-Pr\u00fcfung f\u00fcr juristische Fachsprache ab, um sich den relevanten juristischen Wortschatz anzueignen. Sie unterst\u00fctzt die Arbeit der Anwaltskanzlei vor allem bei der Beh\u00f6rdeng\u00e4ngen, der Vorbereitung von juristischen Dokumenten und der \u00dcbersetzung von rechtlich relevanten Rexten.<\/p>\n<p><strong><span style=\"color: #ea2043;\">Sprachen:<\/span> <\/strong>Englisch, Deutsch<br \/>\n[\/et_pb_text][\/et_pb_column][\/et_pb_row][\/et_pb_section][et_pb_section fb_built=&#8220;1&#8243; admin_label=&#8220;Soos Mercedesz&#8220; _builder_version=&#8220;4.16&#8243; global_colors_info=&#8220;{}&#8220;][et_pb_row column_structure=&#8220;1_3,2_3&#8243; module_id=&#8220;tarnaizsuzsa&#8220; _builder_version=&#8220;4.24.1&#8243; background_size=&#8220;initial&#8220; background_position=&#8220;top_left&#8220; background_repeat=&#8220;repeat&#8220; global_colors_info=&#8220;{}&#8220;][et_pb_column type=&#8220;1_3&#8243; _builder_version=&#8220;4.16&#8243; custom_padding=&#8220;|||&#8220; global_colors_info=&#8220;{}&#8220; custom_padding__hover=&#8220;|||&#8220;][et_pb_image src=&#8220;https:\/\/visegradlegal.hu\/wp-content\/uploads\/2024\/06\/Tarnai-Zsuzsa.jpg&#8220; title_text=&#8220;Tarnai-Zsuzsa&#8220; align_tablet=&#8220;center&#8220; align_phone=&#8220;&#8220; align_last_edited=&#8220;on|desktop&#8220; _builder_version=&#8220;4.24.1&#8243; animation_style=&#8220;slide&#8220; animation_direction=&#8220;left&#8220; animation_duration=&#8220;500ms&#8220; animation_intensity_slide=&#8220;10%&#8220; use_border_color=&#8220;off&#8220; border_color=&#8220;#ffffff&#8220; border_style=&#8220;solid&#8220; animation=&#8220;left&#8220; sticky=&#8220;off&#8220; always_center_on_mobile=&#8220;on&#8220; global_colors_info=&#8220;{}&#8220;][\/et_pb_image][\/et_pb_column][et_pb_column type=&#8220;2_3&#8243; _builder_version=&#8220;4.16&#8243; custom_padding=&#8220;|||&#8220; global_colors_info=&#8220;{}&#8220; custom_padding__hover=&#8220;|||&#8220;][et_pb_text _builder_version=&#8220;4.27.6&#8243; text_text_color=&#8220;#0d2f42&#8243; text_font_size=&#8220;18&#8243; background_size=&#8220;initial&#8220; background_position=&#8220;top_left&#8220; background_repeat=&#8220;repeat&#8220; custom_margin=&#8220;||0px||false|false&#8220; custom_padding=&#8220;||0px||false|false&#8220; use_border_color=&#8220;off&#8220; border_color=&#8220;#ffffff&#8220; border_style=&#8220;solid&#8220; global_colors_info=&#8220;{}&#8220;]<strong>Zsuzsa Tarnai<\/strong><br \/>\n[\/et_pb_text][et_pb_text admin_label=&#8220;poz\u00edci\u00f3&#8220; _builder_version=&#8220;4.27.6&#8243; background_size=&#8220;initial&#8220; background_position=&#8220;top_left&#8220; background_repeat=&#8220;repeat&#8220; text_orientation=&#8220;justified&#8220; custom_margin=&#8220;0px||||false|false&#8220; custom_padding=&#8220;0px||||false|false&#8220; use_border_color=&#8220;off&#8220; border_color=&#8220;#ffffff&#8220; border_style=&#8220;solid&#8220; global_colors_info=&#8220;{}&#8220;]<strong><span style=\"color: #ea2043;\">B\u00fcroleiterin <\/span><\/strong><br \/>\n[\/et_pb_text][et_pb_text _builder_version=&#8220;4.27.6&#8243; text_font=&#8220;|300|||||||&#8220; background_size=&#8220;initial&#8220; background_position=&#8220;top_left&#8220; background_repeat=&#8220;repeat&#8220; text_orientation=&#8220;justified&#8220; use_border_color=&#8220;off&#8220; border_color=&#8220;#ffffff&#8220; border_style=&#8220;solid&#8220; global_colors_info=&#8220;{}&#8220;]Sie schloss im Jahr 2003 ihr Studium der Kommunikationswissenschaften an der University of Illinois Chicago ab und erwarb 2015 einen zweiten Abschluss in Wirtschaftswissenschaften an der Metropolitan University Budapest. Nach ihrer Karriere als professionelle Basketballspielerin arbeitete sie fast 10 Jahre lang als B\u00fcro- und Finanzmanagerin bei einer internationalen Anwaltskanzlei mit zentralem Sitz in \u00a0Prag. Nach der Geburt ihrer Kinder schloss sie sich 2024 unserem Team an.<\/p>\n<p><strong><span style=\"color: #ea2043;\">Sprachen:<\/span> <\/strong>Englisch<br \/>\n[\/et_pb_text][\/et_pb_column][\/et_pb_row][\/et_pb_section]<\/p>\n","protected":false},"excerpt":{"rendered":"<p>AZ \u00dcGYV\u00c9DI T\u00c1RSUL\u00c1S DIE SOZIET\u00c4TDie Anwaltssoziet\u00e4t Ill\u00e9s und N\u00e9meth basiert auf dem Zusammenschluss der Anwaltskanzleien von Dr. \u00c1d\u00e1m Ill\u00e9s und Dr. J\u00f3zsef N\u00e9meth. Wir bieten Unternehmen komplexe Rechtsdienstleistungen, die alle Aspekte ihrer Gesch\u00e4ftst\u00e4tigkeit abdecken. Wir bearbeiten alle Forderungen, Vertr\u00e4ge, Unternehmens- und Arbeitsrechtsangelegenheiten unserer Mandanten, bieten Beratungsdienstleistungen f\u00fcr die Aushandlung von Handelsvereinbarungen an und vertreten Unternehmen [&hellip;]<\/p>\n","protected":false},"author":3,"featured_media":0,"parent":0,"menu_order":0,"comment_status":"closed","ping_status":"closed","template":"","meta":{"_et_pb_use_builder":"on","_et_pb_old_content":"","_et_gb_content_width":"","footnotes":""},"class_list":["post-29211","page","type-page","status-publish","hentry"],"yoast_head":"<!-- This site is optimized with the Yoast SEO plugin v27.2 - https:\/\/yoast.com\/product\/yoast-seo-wordpress\/ -->\n<title>Visegrad+ Legal Gruppe \u2013 Unser Netzwerk im \u00dcberblick<\/title>\n<meta name=\"description\" content=\"Visegrad+ Legal Soziet\u00e4t vereint Partnerkanzleien in Mittelosteuropa. Lernen Sie Struktur und Zusammenarbeit kennen. Jetzt informieren.\" \/>\n<meta name=\"robots\" content=\"index, follow, max-snippet:-1, max-image-preview:large, max-video-preview:-1\" \/>\n<link rel=\"canonical\" href=\"https:\/\/visegradlegal.hu\/de\/die-sozietat\/\" \/>\n<meta property=\"og:locale\" content=\"de_DE\" \/>\n<meta property=\"og:type\" content=\"article\" \/>\n<meta property=\"og:title\" content=\"Visegrad+ Legal Gruppe \u2013 Unser Netzwerk im \u00dcberblick\" \/>\n<meta property=\"og:description\" content=\"Visegrad+ Legal Soziet\u00e4t vereint Partnerkanzleien in Mittelosteuropa. Lernen Sie Struktur und Zusammenarbeit kennen. Jetzt informieren.\" \/>\n<meta property=\"og:url\" content=\"https:\/\/visegradlegal.hu\/de\/die-sozietat\/\" \/>\n<meta property=\"og:site_name\" content=\"Ill\u00e9s &amp; N\u00e9meth \u00dcgyv\u00e9di T\u00e1rsul\u00e1s\" \/>\n<meta property=\"article:modified_time\" content=\"2026-04-21T09:25:27+00:00\" \/>\n<meta property=\"og:image\" content=\"https:\/\/visegradlegal.hu\/wp-content\/uploads\/2021\/01\/Illes-Ugyvedi-Iroda-og.jpg\" \/>\n\t<meta property=\"og:image:width\" content=\"1125\" \/>\n\t<meta property=\"og:image:height\" content=\"633\" \/>\n\t<meta property=\"og:image:type\" content=\"image\/jpeg\" \/>\n<meta name=\"twitter:card\" content=\"summary_large_image\" \/>\n<meta name=\"twitter:label1\" content=\"Gesch\u00e4tzte Lesezeit\" \/>\n\t<meta name=\"twitter:data1\" content=\"12\u00a0Minuten\" \/>\n<script type=\"application\/ld+json\" class=\"yoast-schema-graph\">{\"@context\":\"https:\/\/schema.org\",\"@graph\":[{\"@type\":\"WebPage\",\"@id\":\"https:\/\/visegradlegal.hu\/de\/die-sozietat\/\",\"url\":\"https:\/\/visegradlegal.hu\/de\/die-sozietat\/\",\"name\":\"Visegrad+ Legal Gruppe \u2013 Unser Netzwerk im \u00dcberblick\",\"isPartOf\":{\"@id\":\"https:\/\/visegradlegal.hu\/#website\"},\"datePublished\":\"2026-04-01T15:38:45+00:00\",\"dateModified\":\"2026-04-21T09:25:27+00:00\",\"description\":\"Visegrad+ Legal Soziet\u00e4t vereint Partnerkanzleien in Mittelosteuropa. Lernen Sie Struktur und Zusammenarbeit kennen. Jetzt informieren.\",\"breadcrumb\":{\"@id\":\"https:\/\/visegradlegal.hu\/de\/die-sozietat\/#breadcrumb\"},\"inLanguage\":\"de\",\"potentialAction\":[{\"@type\":\"ReadAction\",\"target\":[\"https:\/\/visegradlegal.hu\/de\/die-sozietat\/\"]}]},{\"@type\":\"BreadcrumbList\",\"@id\":\"https:\/\/visegradlegal.hu\/de\/die-sozietat\/#breadcrumb\",\"itemListElement\":[{\"@type\":\"ListItem\",\"position\":1,\"name\":\"Home\",\"item\":\"https:\/\/visegradlegal.hu\/\"},{\"@type\":\"ListItem\",\"position\":2,\"name\":\"DIE SOZIETAT\"}]},{\"@type\":\"WebSite\",\"@id\":\"https:\/\/visegradlegal.hu\/#website\",\"url\":\"https:\/\/visegradlegal.hu\/\",\"name\":\"Ill\u00e9s &amp; N\u00e9meth \u00dcgyv\u00e9di T\u00e1rsul\u00e1s\",\"description\":\"\",\"potentialAction\":[{\"@type\":\"SearchAction\",\"target\":{\"@type\":\"EntryPoint\",\"urlTemplate\":\"https:\/\/visegradlegal.hu\/?s={search_term_string}\"},\"query-input\":{\"@type\":\"PropertyValueSpecification\",\"valueRequired\":true,\"valueName\":\"search_term_string\"}}],\"inLanguage\":\"de\"}]}<\/script>\n<!-- \/ Yoast SEO plugin. -->","yoast_head_json":{"title":"Visegrad+ Legal Gruppe \u2013 Unser Netzwerk im \u00dcberblick","description":"Visegrad+ Legal Soziet\u00e4t vereint Partnerkanzleien in Mittelosteuropa. Lernen Sie Struktur und Zusammenarbeit kennen. Jetzt informieren.","robots":{"index":"index","follow":"follow","max-snippet":"max-snippet:-1","max-image-preview":"max-image-preview:large","max-video-preview":"max-video-preview:-1"},"canonical":"https:\/\/visegradlegal.hu\/de\/die-sozietat\/","og_locale":"de_DE","og_type":"article","og_title":"Visegrad+ Legal Gruppe \u2013 Unser Netzwerk im \u00dcberblick","og_description":"Visegrad+ Legal Soziet\u00e4t vereint Partnerkanzleien in Mittelosteuropa. Lernen Sie Struktur und Zusammenarbeit kennen. Jetzt informieren.","og_url":"https:\/\/visegradlegal.hu\/de\/die-sozietat\/","og_site_name":"Ill\u00e9s &amp; N\u00e9meth \u00dcgyv\u00e9di T\u00e1rsul\u00e1s","article_modified_time":"2026-04-21T09:25:27+00:00","og_image":[{"width":1125,"height":633,"url":"https:\/\/visegradlegal.hu\/wp-content\/uploads\/2021\/01\/Illes-Ugyvedi-Iroda-og.jpg","type":"image\/jpeg"}],"twitter_card":"summary_large_image","twitter_misc":{"Gesch\u00e4tzte Lesezeit":"12\u00a0Minuten"},"schema":{"@context":"https:\/\/schema.org","@graph":[{"@type":"WebPage","@id":"https:\/\/visegradlegal.hu\/de\/die-sozietat\/","url":"https:\/\/visegradlegal.hu\/de\/die-sozietat\/","name":"Visegrad+ Legal Gruppe \u2013 Unser Netzwerk im \u00dcberblick","isPartOf":{"@id":"https:\/\/visegradlegal.hu\/#website"},"datePublished":"2026-04-01T15:38:45+00:00","dateModified":"2026-04-21T09:25:27+00:00","description":"Visegrad+ Legal Soziet\u00e4t vereint Partnerkanzleien in Mittelosteuropa. Lernen Sie Struktur und Zusammenarbeit kennen. Jetzt informieren.","breadcrumb":{"@id":"https:\/\/visegradlegal.hu\/de\/die-sozietat\/#breadcrumb"},"inLanguage":"de","potentialAction":[{"@type":"ReadAction","target":["https:\/\/visegradlegal.hu\/de\/die-sozietat\/"]}]},{"@type":"BreadcrumbList","@id":"https:\/\/visegradlegal.hu\/de\/die-sozietat\/#breadcrumb","itemListElement":[{"@type":"ListItem","position":1,"name":"Home","item":"https:\/\/visegradlegal.hu\/"},{"@type":"ListItem","position":2,"name":"DIE SOZIETAT"}]},{"@type":"WebSite","@id":"https:\/\/visegradlegal.hu\/#website","url":"https:\/\/visegradlegal.hu\/","name":"Ill\u00e9s &amp; N\u00e9meth \u00dcgyv\u00e9di T\u00e1rsul\u00e1s","description":"","potentialAction":[{"@type":"SearchAction","target":{"@type":"EntryPoint","urlTemplate":"https:\/\/visegradlegal.hu\/?s={search_term_string}"},"query-input":{"@type":"PropertyValueSpecification","valueRequired":true,"valueName":"search_term_string"}}],"inLanguage":"de"}]}},"_links":{"self":[{"href":"https:\/\/visegradlegal.hu\/de\/wp-json\/wp\/v2\/pages\/29211","targetHints":{"allow":["GET"]}}],"collection":[{"href":"https:\/\/visegradlegal.hu\/de\/wp-json\/wp\/v2\/pages"}],"about":[{"href":"https:\/\/visegradlegal.hu\/de\/wp-json\/wp\/v2\/types\/page"}],"author":[{"embeddable":true,"href":"https:\/\/visegradlegal.hu\/de\/wp-json\/wp\/v2\/users\/3"}],"replies":[{"embeddable":true,"href":"https:\/\/visegradlegal.hu\/de\/wp-json\/wp\/v2\/comments?post=29211"}],"version-history":[{"count":4,"href":"https:\/\/visegradlegal.hu\/de\/wp-json\/wp\/v2\/pages\/29211\/revisions"}],"predecessor-version":[{"id":29408,"href":"https:\/\/visegradlegal.hu\/de\/wp-json\/wp\/v2\/pages\/29211\/revisions\/29408"}],"wp:attachment":[{"href":"https:\/\/visegradlegal.hu\/de\/wp-json\/wp\/v2\/media?parent=29211"}],"curies":[{"name":"wp","href":"https:\/\/api.w.org\/{rel}","templated":true}]}}